{"id":19592,"date":"2021-07-14T10:51:41","date_gmt":"2021-07-14T08:51:41","guid":{"rendered":"https:\/\/digitaleentwicklung.de\/new-version?page_id=19592"},"modified":"2025-10-17T13:24:39","modified_gmt":"2025-10-17T11:24:39","slug":"start","status":"publish","type":"page","link":"https:\/\/digitaleentwicklung.de\/en\/","title":{"rendered":"Start"},"content":{"rendered":"<p>[et_pb_section fb_built=&#8221;1&#8243; next_background_color=&#8221;#ffffff&#8221; _builder_version=&#8221;4.23.1&#8243; _module_preset=&#8221;default&#8221; use_background_color_gradient=&#8221;on&#8221; background_color_gradient_type=&#8221;circular&#8221; background_color_gradient_stops=&#8221;#f9b000 56%|rgba(249,176,0,0.61) 67%&#8221; background_color_gradient_overlays_image=&#8221;on&#8221; background_color_gradient_start=&#8221;#f9b000&#8243; background_color_gradient_start_position=&#8221;56%&#8221; background_color_gradient_end=&#8221;rgba(249,176,0,0.61)&#8221; background_color_gradient_end_position=&#8221;67%&#8221; background_image=&#8221;https:\/\/digitaleentwicklung.de\/wp-content\/uploads\/2021\/05\/GeoData-Architekturbilder-Innen-337-scaled-1.jpg&#8221; background_blend=&#8221;multiply&#8221; background_video_mp4=&#8221;https:\/\/digitaleentwicklung.de\/wp-content\/uploads\/2022\/01\/ZDE-Introfilm-Header-Web-4.mp4&#8243; min_height=&#8221;80vh&#8221; custom_margin=&#8221;||||false|false&#8221; bottom_divider_style=&#8221;curve&#8221; border_radii=&#8221;off|0px|0px||&#8221; global_colors_info=&#8221;{}&#8221;][et_pb_row make_equal=&#8221;on&#8221; _builder_version=&#8221;4.16&#8243; _module_preset=&#8221;default&#8221; width=&#8221;85%&#8221; max_width=&#8221;2000px&#8221; module_alignment=&#8221;center&#8221; global_colors_info=&#8221;{}&#8221;][et_pb_column type=&#8221;4_4&#8243; _builder_version=&#8221;4.16&#8243; _module_preset=&#8221;default&#8221; global_colors_info=&#8221;{}&#8221;][dsm_dual_heading before_text=&#8221;We connect&#8221; middle_text=&#8221;Strategy&#8221; after_text=&#8221;and infrastructure&#8221; heading_html_tag=&#8221;h1&#8243; before_display_type=&#8221;block&#8221; middle_display_type=&#8221;block&#8221; after_display_type=&#8221;block&#8221; _builder_version=&#8221;4.23.1&#8243; _module_preset=&#8221;default&#8221; header_font=&#8221;|300||on|||||&#8221; header_text_color=&#8221;#ffffff&#8221; header_font_size=&#8221;64px&#8221; header_letter_spacing=&#8221;2px&#8221; header_line_height=&#8221;1.1em&#8221; before_font=&#8221;|600|||||||&#8221; middle_font=&#8221;Source Sans Pro Light Right|300||on|||||&#8221; middle_text_color=&#8221;#ffffff&#8221; after_font=&#8221;|600||on|||||&#8221; text_orientation=&#8221;center&#8221; custom_margin=&#8221;7%||15%||false|false&#8221; custom_margin_tablet=&#8221;29.8%||5%||false|false&#8221; custom_margin_phone=&#8221;7%||5%||false|false&#8221; custom_margin_last_edited=&#8221;on|tablet&#8221; header_font_size_tablet=&#8221;53px&#8221; header_font_size_phone=&#8221;45px&#8221; header_font_size_last_edited=&#8221;on|phone&#8221; global_colors_info=&#8221;{}&#8221; custom_margin__hover_enabled=&#8221;off|desktop&#8221;][\/dsm_dual_heading][\/et_pb_column][\/et_pb_row][\/et_pb_section][et_pb_section fb_built=&#8221;1&#8243; _builder_version=&#8221;4.27.4&#8243; _module_preset=&#8221;default&#8221; background_enable_color=&#8221;off&#8221; background_image=&#8221;https:\/\/digitaleentwicklung.de\/wp-content\/uploads\/2024\/07\/balken-unten-rechts-1.png&#8221; background_size=&#8221;custom&#8221; background_image_width=&#8221;38%&#8221; background_position=&#8221;bottom_left&#8221; custom_padding=&#8221;||39px|||&#8221; background_last_edited=&#8221;on|phone&#8221; background_image_width_phone=&#8221;67%&#8221; global_colors_info=&#8221;{}&#8221;][et_pb_row disabled_on=&#8221;off|off|off&#8221; _builder_version=&#8221;4.27.4&#8243; _module_preset=&#8221;default&#8221; global_colors_info=&#8221;{}&#8221;][et_pb_column type=&#8221;4_4&#8243; _builder_version=&#8221;4.27.4&#8243; _module_preset=&#8221;default&#8221; global_colors_info=&#8221;{}&#8221;][ba_logo_carousel slide_count=&#8221;6&#8243; slide_spacing=&#8221;0px&#8221; nav_height=&#8221;48px&#8221; nav_width=&#8221;48px&#8221; nav_icon_size=&#8221;25px&#8221; nav_color=&#8221;#ffffff&#8221; nav_bg=&#8221;#55776b&#8221; icon_left=&#8221;&#xf104;||fa||900&#8243; icon_right=&#8221;&#xf105;||fa||900&#8243; logo_width=&#8221;300px&#8221; slide_count_tablet=&#8221;4&#8243; slide_count_phone=&#8221;2&#8243; slide_count_last_edited=&#8221;on|phone&#8221; logo_height_last_edited=&#8221;off|phone&#8221; _builder_version=&#8221;4.27.4&#8243; _module_preset=&#8221;default&#8221; custom_margin=&#8221;||||false|false&#8221; custom_padding=&#8221;||||false|false&#8221; custom_css_free_form=&#8221;.slick-slider .slick-track {||  display: flex;||}&#8221; global_colors_info=&#8221;{}&#8221;][ba_logo_carousel_child logo=&#8221;https:\/\/digitaleentwicklung.de\/wp-content\/uploads\/2025\/04\/Logos-fuer-ZDE-Webseite-1.png&#8221; brand_name=&#8221;dena German Energy Agency&#8221; is_link=&#8221;on&#8221; link_url=&#8221;https:\/\/www.dena.de\/&#8221; link_options=&#8221;on|off&#8221; _builder_version=&#8221;4.27.4&#8243; global_colors_info=&#8221;{}&#8221;][\/ba_logo_carousel_child][ba_logo_carousel_child logo=&#8221;https:\/\/digitaleentwicklung.de\/wp-content\/uploads\/2025\/03\/3.png&#8221; brand_name=&#8221;HHLA&#8221; is_link=&#8221;on&#8221; link_url=&#8221;https:\/\/hhla.de\/&#8221; link_options=&#8221;on|off&#8221; _builder_version=&#8221;4.27.4&#8243; global_colors_info=&#8221;{}&#8221;][\/ba_logo_carousel_child][ba_logo_carousel_child logo=&#8221;https:\/\/digitaleentwicklung.de\/wp-content\/uploads\/2025\/03\/Logos-fuer-ZDE-Webseite.png&#8221; brand_name=&#8221;Ministry of Industry and Trade of the Czech Republic&#8221; is_link=&#8221;on&#8221; link_url=&#8221;https:\/\/mpo.gov.cz\/en\/&#8221; link_options=&#8221;on|off&#8221; _builder_version=&#8221;4.27.4&#8243; global_colors_info=&#8221;{}&#8221;][\/ba_logo_carousel_child][ba_logo_carousel_child logo=&#8221;https:\/\/digitaleentwicklung.de\/wp-content\/uploads\/2025\/03\/5.png&#8221; brand_name=&#8221;Smart border region&#8221; is_link=&#8221;on&#8221; link_url=&#8221;https:\/\/smarte-grenzregion.de\/&#8221; link_options=&#8221;on|off&#8221; _builder_version=&#8221;4.27.4&#8243; global_colors_info=&#8221;{}&#8221;][\/ba_logo_carousel_child][ba_logo_carousel_child logo=&#8221;https:\/\/digitaleentwicklung.de\/wp-content\/uploads\/2025\/03\/6.png&#8221; brand_name=&#8221;Mainova&#8221; is_link=&#8221;on&#8221; link_url=&#8221;https:\/\/www.mainova.de\/de&#8221; link_options=&#8221;on|off&#8221; _builder_version=&#8221;4.27.4&#8243; global_colors_info=&#8221;{}&#8221;][\/ba_logo_carousel_child][ba_logo_carousel_child logo=&#8221;https:\/\/digitaleentwicklung.de\/wp-content\/uploads\/2025\/03\/7.png&#8221; brand_name=&#8221;Ostalbkreis&#8221; is_link=&#8221;on&#8221; link_url=&#8221;https:\/\/www.ostalbkreis.de\/sixcms\/detail.php?template=index_start&#8221; link_options=&#8221;on|off&#8221; _builder_version=&#8221;4.27.4&#8243; global_colors_info=&#8221;{}&#8221;][\/ba_logo_carousel_child][ba_logo_carousel_child logo=&#8221;https:\/\/digitaleentwicklung.de\/wp-content\/uploads\/2025\/03\/8.png&#8221; brand_name=&#8221;District of Recklinghausen&#8221; is_link=&#8221;on&#8221; link_url=&#8221;https:\/\/www.kreis-re.de\/Inhalte\/index.asp&#8221; link_options=&#8221;on|off&#8221; _builder_version=&#8221;4.27.4&#8243; _module_preset=&#8221;default&#8221; global_colors_info=&#8221;{}&#8221;][\/ba_logo_carousel_child][ba_logo_carousel_child logo=&#8221;https:\/\/digitaleentwicklung.de\/wp-content\/uploads\/2025\/03\/9.png&#8221; brand_name=&#8221;Rostock&#8221; is_link=&#8221;on&#8221; link_url=&#8221;https:\/\/www.rostock.de\/&#8221; link_options=&#8221;on|off&#8221; _builder_version=&#8221;4.27.4&#8243; _module_preset=&#8221;default&#8221; global_colors_info=&#8221;{}&#8221;][\/ba_logo_carousel_child][ba_logo_carousel_child logo=&#8221;https:\/\/digitaleentwicklung.de\/wp-content\/uploads\/2025\/03\/10.png&#8221; brand_name=&#8221;Fulda&#8221; is_link=&#8221;on&#8221; link_url=&#8221;https:\/\/www.fulda.de\/&#8221; link_options=&#8221;on|off&#8221; _builder_version=&#8221;4.27.4&#8243; _module_preset=&#8221;default&#8221; global_colors_info=&#8221;{}&#8221;][\/ba_logo_carousel_child][ba_logo_carousel_child logo=&#8221;https:\/\/digitaleentwicklung.de\/wp-content\/uploads\/2025\/03\/11.png&#8221; brand_name=&#8221;City of Hagen&#8221; is_link=&#8221;on&#8221; link_url=&#8221;https:\/\/www.hagen.de\/web\/de\/hagen_de\/home.html&#8221; link_options=&#8221;on|off&#8221; _builder_version=&#8221;4.27.4&#8243; _module_preset=&#8221;default&#8221; global_colors_info=&#8221;{}&#8221;][\/ba_logo_carousel_child][ba_logo_carousel_child logo=&#8221;https:\/\/digitaleentwicklung.de\/wp-content\/uploads\/2025\/03\/Aalen-Heidenheim.png&#8221; brand_name=&#8221;Aalen-Heidenheim Digital Together&#8221; is_link=&#8221;on&#8221; link_url=&#8221;https:\/\/www.aahdhgemeinsamdigital.de\/&#8221; link_options=&#8221;on|off&#8221; _builder_version=&#8221;4.27.4&#8243; _module_preset=&#8221;default&#8221; global_colors_info=&#8221;{}&#8221;][\/ba_logo_carousel_child][\/ba_logo_carousel][\/et_pb_column][\/et_pb_row][\/et_pb_section][et_pb_section fb_built=&#8221;1&#8243; _builder_version=&#8221;4.27.4&#8243; _module_preset=&#8221;default&#8221; background_image=&#8221;https:\/\/digitaleentwicklung.de\/wp-content\/uploads\/2024\/08\/Mask-group-15.svg&#8221; background_size=&#8221;custom&#8221; background_image_width=&#8221;0%&#8221; background_image_height=&#8221;36%&#8221; background_position=&#8221;top_right&#8221; background_last_edited=&#8221;on|phone&#8221; background_image_height_tablet=&#8221;8%&#8221; background_image_height_phone=&#8221;8%&#8221; global_colors_info=&#8221;{}&#8221;][et_pb_row _builder_version=&#8221;4.23.1&#8243; _module_preset=&#8221;default&#8221; global_colors_info=&#8221;{}&#8221;][et_pb_column type=&#8221;4_4&#8243; _builder_version=&#8221;4.23.1&#8243; _module_preset=&#8221;default&#8221; global_colors_info=&#8221;{}&#8221;][et_pb_text _builder_version=&#8221;4.27.4&#8243; _module_preset=&#8221;default&#8221; text_orientation=&#8221;center&#8221; width=&#8221;746px&#8221; global_colors_info=&#8221;{}&#8221;]<\/p>\n<h2>ZDE brings Hot Topics<\/h2>\n<p>Smart City, Smart Region, Digitalization, Sustainability, Climate Impact Adaptation, Living Labs Energy Efficiency &#8230; Our Hot Topics discuss and present highly topical, highly future-relevant topics in the smart city industry as well as new solutions. We deal with questions and answers that concern the districts, municipalities, municipalities and companies of today and tomorrow. Our answers are always implementation-oriented for you.   <\/p>\n<p>[\/et_pb_text][\/et_pb_column][\/et_pb_row][et_pb_row column_structure=&#8221;1_3,1_3,1_3&#8243; _builder_version=&#8221;4.27.4&#8243; _module_preset=&#8221;default&#8221; max_width=&#8221;1080px&#8221; global_colors_info=&#8221;{}&#8221;][et_pb_column type=&#8221;1_3&#8243; _builder_version=&#8221;4.23.1&#8243; _module_preset=&#8221;default&#8221; background_color=&#8221;#FFFFFF&#8221; custom_padding=&#8221;20px|20px|20px|20px|true|true&#8221; border_radii=&#8221;on|10px|10px|10px|10px&#8221; box_shadow_style=&#8221;preset1&#8243; global_colors_info=&#8221;{}&#8221;][et_pb_text _builder_version=&#8221;4.27.4&#8243; _module_preset=&#8221;default&#8221; global_colors_info=&#8221;{}&#8221;]<\/p>\n<h3>Masterclass of the ZDE Academy<\/h3>\n<p><span class=\"break-words tvm-parent-container\"><span dir=\"ltr\"><span>Our exclusive MasterClass is aimed specifically at managers at municipal, district and regional level, especially mayors. In an inspiring and constructive environment, you will benefit from the exchange with experienced municipal managers as well as experts from digital practice. <\/span><\/span><\/span><\/p>\n<p>[\/et_pb_text][et_pb_button button_url=&#8221;https:\/\/zde-akademie.de\/masterclass\/&#8221; url_new_window=&#8221;on&#8221; button_text=&#8221;Discover the Masterclass&#8221; _builder_version=&#8221;4.27.4&#8243; _module_preset=&#8221;default&#8221; custom_margin=&#8221;15px|0px|0px|0px|false|true&#8221; global_colors_info=&#8221;{}&#8221;][\/et_pb_button][\/et_pb_column][et_pb_column type=&#8221;1_3&#8243; _builder_version=&#8221;4.27.4&#8243; _module_preset=&#8221;default&#8221; background_color=&#8221;#21005c&#8221; custom_padding=&#8221;20px|20px|20px|20px|true|true&#8221; border_radii=&#8221;on|10px|10px|10px|10px&#8221; box_shadow_style=&#8221;preset1&#8243; global_colors_info=&#8221;{}&#8221;][et_pb_text _builder_version=&#8221;4.27.4&#8243; _module_preset=&#8221;default&#8221; text_text_color=&#8221;#FFFFFF&#8221; header_3_text_color=&#8221;#FFFFFF&#8221; hover_enabled=&#8221;0&#8243; global_colors_info=&#8221;{}&#8221; sticky_enabled=&#8221;0&#8243;]<\/p>\n<h3>SEMINAR: <strong data-start=\"179\" data-end=\"190\">LoRaWAN in the Municipal Context<\/strong><\/h3>\n<p data-start=\"78\" data-end=\"370\">LoRaWAN is a key standard for energy-efficient wireless networks. Our seminar provides technical know-how and practical application: integrating sensors, operating networks, and advising municipalities \u2013 directly from experienced experts. <\/p>\n<p>[\/et_pb_text][et_pb_button button_url=&#8221;https:\/\/zde-akademie.de\/veranstaltung\/fachseminar-lorawan-im-kommunalen-umfeld\/&#8221; url_new_window=&#8221;on&#8221; button_text=&#8221;Register now&#8221; _builder_version=&#8221;4.27.4&#8243; _module_preset=&#8221;default&#8221; custom_margin=&#8221;15px|0px|0px|0px|false|true&#8221; hover_enabled=&#8221;0&#8243; global_colors_info=&#8221;{}&#8221; sticky_enabled=&#8221;0&#8243;][\/et_pb_button][\/et_pb_column][et_pb_column type=&#8221;1_3&#8243; _builder_version=&#8221;4.23.1&#8243; _module_preset=&#8221;default&#8221; background_color=&#8221;#FFFFFF&#8221; custom_padding=&#8221;20px|20px|20px|20px|true|true&#8221; border_radii=&#8221;on|10px|10px|10px|10px&#8221; box_shadow_style=&#8221;preset1&#8243; global_colors_info=&#8221;{}&#8221;][et_pb_text _builder_version=&#8221;4.27.4&#8243; _module_preset=&#8221;default&#8221; hover_enabled=&#8221;0&#8243; global_colors_info=&#8221;{}&#8221; sticky_enabled=&#8221;0&#8243;]<\/p>\n<h3>We\u2019re celebrating five years of the ZDE Academy<br \/><\/h3>\n<p data-start=\"126\" data-end=\"240\">Since 2020, we have been supporting municipal innovators on their journey toward a digital future. On our fifth anniversary, we look back on many successful programs \u2013 and ahead: with new offerings, fresh inspiration, and practical training for all levels of public administration. <\/p>\n<p>[\/et_pb_text][et_pb_button button_url=&#8221;https:\/\/digitaleentwicklung.de\/en\/news-en\/academy-anniversary\/&#8221; url_new_window=&#8221;on&#8221; button_text=&#8221;Learn more about the Academy\u2019s anniversary<\/p>\n<p>&#8221; _builder_version=&#8221;4.27.4&#8243; _module_preset=&#8221;default&#8221; custom_margin=&#8221;15px|0px|0px|0px|false|true&#8221; hover_enabled=&#8221;0&#8243; global_colors_info=&#8221;{}&#8221; sticky_enabled=&#8221;0&#8243;][\/et_pb_button][\/et_pb_column][\/et_pb_row][\/et_pb_section][et_pb_section fb_built=&#8221;1&#8243; _builder_version=&#8221;4.27.4&#8243; _module_preset=&#8221;default&#8221; background_color=&#8221;#EDEDED&#8221; background_image=&#8221;https:\/\/digitaleentwicklung.de\/wp-content\/uploads\/2024\/07\/Haken-links-1.png&#8221; background_size=&#8221;custom&#8221; background_image_width=&#8221;29%&#8221; background_position=&#8221;top_right&#8221; global_colors_info=&#8221;{}&#8221;][et_pb_row _builder_version=&#8221;4.23.1&#8243; _module_preset=&#8221;default&#8221; global_colors_info=&#8221;{}&#8221;][et_pb_column type=&#8221;4_4&#8243; _builder_version=&#8221;4.23.1&#8243; _module_preset=&#8221;default&#8221; global_colors_info=&#8221;{}&#8221;][et_pb_text _builder_version=&#8221;4.27.4&#8243; _module_preset=&#8221;default&#8221; header_font=&#8221;||||||||&#8221; header_text_color=&#8221;#363742&#8243; header_2_font=&#8221;Source Sans Pro SemiBold|600||on|||||&#8221; header_2_font_size=&#8221;26px&#8221; width=&#8221;780px&#8221; custom_margin_last_edited=&#8221;off|tablet&#8221; global_colors_info=&#8221;{}&#8221;]<\/p>\n<h2 style=\"text-align: center;\">Our areas of expertise<\/h2>\n<p style=\"text-align: center;\">We, the<span> <\/span><strong>Center for Digital Development<\/strong>, are a team of experts whose vision is to support municipalities, regions, institutions and companies with solutions and innovations in the digital age.<span> <\/span><strong>Path to the digital future<\/strong><span> <\/span>. We combine solution orientation, strategy, planning, further training and concrete implementation. <\/p>\n<p>[\/et_pb_text][\/et_pb_column][\/et_pb_row][et_pb_row column_structure=&#8221;1_3,1_3,1_3&#8243; make_equal=&#8221;on&#8221; _builder_version=&#8221;4.27.4&#8243; _module_preset=&#8221;default&#8221; global_colors_info=&#8221;{}&#8221;][et_pb_column type=&#8221;1_3&#8243; _builder_version=&#8221;4.27.4&#8243; _dynamic_attributes=&#8221;link_option_url&#8221; _module_preset=&#8221;default&#8221; custom_padding=&#8221;14px|14px|14px|14px|false|false&#8221; link_option_url=&#8221;@ET-DC@eyJkeW5hbWljIjp0cnVlLCJjb250ZW50IjoicG9zdF9saW5rX3VybF9wYWdlIiwic2V0dGluZ3MiOnsicG9zdF9pZCI6IjE5NjU1IiwiZW5hYmxlX2h0bWwiOiJvZmYifX0=@&#8221; border_radii=&#8221;on|14px|14px|14px|14px&#8221; box_shadow_style=&#8221;preset1&#8243; global_colors_info=&#8221;{}&#8221;][et_pb_text _builder_version=&#8221;4.27.4&#8243; _module_preset=&#8221;default&#8221; link_font=&#8221;Source Sans Pro SemiBold||||||||&#8221; text_font_size_last_edited=&#8221;off|desktop&#8221; global_colors_info=&#8221;{}&#8221;]<\/p>\n<h3><a href=\"https:\/\/digitaleentwicklung.de\/en\/strategy\/\">Strategie<span class=\"inline-icon\"><\/span><\/a><\/h3>\n<p class=\"cvGsUA direction-ltr align-start para-style-body\"><span class=\"OYPEnA font-feature-liga-off font-feature-clig-off font-feature-calt-off text-decoration-none text-strikethrough-none\">Strategy is about developing long-term goals and action plans to drive digital transformation across sectors and public spaces. This includes the analysis of trends, the identification of opportunities and risks, and the definition of measures for the effective and feasible implementation of digital innovations. <\/span><\/p>\n<ul>\n<li style=\"list-style-type: none;\">\n<ul>\n<li>Development of digital strategies &amp; area-specific strategies<\/li>\n<li>Smart City &amp; Smart Region Strategies<\/li>\n<li>Organizational change and development<\/li>\n<li>Planning and implementation of communication &amp; participation measures<\/li>\n<li>Development of future districts<\/li>\n<li>Funding acquisition &amp; management<\/li>\n<li>Climate &amp; Sustainability Strategies<\/li>\n<li>Stakeholder Participation &amp; Communication in Municipal Heat Planning<\/li>\n<li>Climate potential analyses<\/li>\n<\/ul>\n<\/li>\n<\/ul>\n<p>[\/et_pb_text][\/et_pb_column][et_pb_column type=&#8221;1_3&#8243; _builder_version=&#8221;4.27.4&#8243; _module_preset=&#8221;default&#8221; custom_padding=&#8221;14px|14px|0px|14px|false|false&#8221; link_option_url=&#8221;https:\/\/digitaleentwicklung.de\/en\/technical-advice-implementation\/&#8221; border_radii=&#8221;on|14px|14px|14px|14px&#8221; box_shadow_style=&#8221;preset1&#8243; global_colors_info=&#8221;{}&#8221;][et_pb_text _builder_version=&#8221;4.27.4&#8243; _module_preset=&#8221;default&#8221; link_font=&#8221;||||||||&#8221; custom_margin=&#8221;0px||0px||false|true&#8221; custom_padding=&#8221;0px|0px||0px|false|true&#8221; text_font_size_last_edited=&#8221;off|desktop&#8221; header_3_font_size_last_edited=&#8221;off|desktop&#8221; global_colors_info=&#8221;{}&#8221;]<\/p>\n<h3><a href=\"https:\/\/digitaleentwicklung.de\/en\/technical-advice-implementation\/\">Technology<span class=\"inline-icon\">\uf35d<\/span><\/a><\/h3>\n<p class=\"cvGsUA direction-ltr align-start para-style-body\"><span class=\"OYPEnA font-feature-liga-off font-feature-clig-off font-feature-calt-off text-decoration-none text-strikethrough-none\">In the field of technology related to IoT sensor technology, LoRaWAN radio networks and 5G, the aim is to create the basis for the smart living spaces of tomorrow. This requires purpose-built sensor solutions and seamless, fast, and reliable communication between devices, infrastructure, and systems. We combine technical consulting and implementation with data expertise.  <\/span><\/p>\n<ul>\n<li style=\"list-style-type: none;\">\n<ul>\n<li><span class=\"OYPEnA font-feature-liga-off font-feature-clig-off font-feature-calt-off text-decoration-none text-strikethrough-none\">Development and implementation of living labs<\/span><\/li>\n<li><span class=\"OYPEnA font-feature-liga-off font-feature-clig-off font-feature-calt-off text-decoration-none text-strikethrough-none\">Planning of 5G campus networks<\/span><\/li>\n<li><span class=\"OYPEnA font-feature-liga-off font-feature-clig-off font-feature-calt-off text-decoration-none text-strikethrough-none\">Technical consulting for IoT sensors, wireless networks and data platforms<\/span><\/li>\n<li><span class=\"OYPEnA font-feature-liga-off font-feature-clig-off font-feature-calt-off text-decoration-none text-strikethrough-none\">Supervision of technical tenders with a focus on smart infrastructure<\/span><\/li>\n<li><span class=\"OYPEnA font-feature-liga-off font-feature-clig-off font-feature-calt-off text-decoration-none text-strikethrough-none\">Advice on and installation of traffic monitoring and parking space sensors<\/span><\/li>\n<li><span class=\"OYPEnA font-feature-liga-off font-feature-clig-off font-feature-calt-off text-decoration-none text-strikethrough-none\">Planning and implementation of various LoRaWAN &amp; IoT use cases<\/span><\/li>\n<\/ul>\n<\/li>\n<\/ul>\n<p>[\/et_pb_text][et_pb_button button_url=&#8221;@ET-DC@eyJkeW5hbWljIjp0cnVlLCJjb250ZW50IjoicG9zdF9saW5rX3VybF9wYWdlIiwic2V0dGluZ3MiOnsicG9zdF9pZCI6IjY5NzYiLCJlbmFibGVfaHRtbCI6Im9mZiJ9fQ==@&#8221; button_text=&#8221;Our Smart City Campus&#8221; button_alignment=&#8221;center&#8221; _builder_version=&#8221;4.27.4&#8243; _dynamic_attributes=&#8221;button_url&#8221; _module_preset=&#8221;default&#8221; transform_translate_linked=&#8221;off&#8221; custom_margin=&#8221;0px|0px|34px|0px|false|true&#8221; custom_padding=&#8221;8px|15px|8px|15px|true|true&#8221; global_colors_info=&#8221;{}&#8221;][\/et_pb_button][\/et_pb_column][et_pb_column type=&#8221;1_3&#8243; _builder_version=&#8221;4.27.4&#8243; _module_preset=&#8221;default&#8221; custom_padding=&#8221;14px|14px|14px|14px|false|false&#8221; link_option_url=&#8221;https:\/\/zde-akademie.de\/&#8221; border_radii=&#8221;on|14px|14px|14px|14px&#8221; box_shadow_style=&#8221;preset1&#8243; global_colors_info=&#8221;{}&#8221;][et_pb_text _builder_version=&#8221;4.27.4&#8243; _module_preset=&#8221;default&#8221; link_font=&#8221;||||||||&#8221; custom_margin=&#8221;||0px||false|true&#8221; text_font_size_last_edited=&#8221;off|desktop&#8221; header_3_font_size_last_edited=&#8221;off|desktop&#8221; global_colors_info=&#8221;{}&#8221;]<\/p>\n<h3><a href=\"https:\/\/zde-akademie.de\/\">Academy\uf35d<\/a><\/h3>\n<p><span class=\"OYPEnA font-feature-liga-off font-feature-clig-off font-feature-calt-off text-decoration-none text-strikethrough-none\">In the academy sector, we offer education and training programs and are constantly developing new, innovative formats that are geared to the needs of the digital future. Here, professionals from the public sector and companies are trained and empowered to operate successfully in an increasingly digital world by acquiring knowledge and skills in modern technologies and digital innovations. In this way, we explicitly support and strengthen our district, municipal and corporate partners in the expansion of digital and data skills.  <\/span>[\/et_pb_text][et_pb_image src=&#8221;https:\/\/digitaleentwicklung.de\/wp-content\/uploads\/2025\/03\/Quacert.png&#8221; _builder_version=&#8221;4.27.4&#8243; _module_preset=&#8221;default&#8221; max_width=&#8221;80%&#8221; module_alignment=&#8221;center&#8221; custom_margin=&#8221;-15px||-3px||false|false&#8221; global_colors_info=&#8221;{}&#8221;][\/et_pb_image][\/et_pb_column][\/et_pb_row][\/et_pb_section][et_pb_section fb_built=&#8221;1&#8243; admin_label=&#8221;Referenzen Heading&#8221; _builder_version=&#8221;4.27.4&#8243; _module_preset=&#8221;default&#8221; background_enable_image=&#8221;off&#8221; background_size=&#8221;custom&#8221; background_image_height=&#8221;54%&#8221; background_position=&#8221;bottom_left&#8221; custom_padding=&#8221;||0px||false|false&#8221; global_colors_info=&#8221;{}&#8221;][et_pb_row _builder_version=&#8221;4.23.1&#8243; _module_preset=&#8221;default&#8221; max_width=&#8221;1080px&#8221; global_colors_info=&#8221;{}&#8221;][et_pb_column type=&#8221;4_4&#8243; _builder_version=&#8221;4.23.1&#8243; _module_preset=&#8221;default&#8221; global_colors_info=&#8221;{}&#8221;][et_pb_text _builder_version=&#8221;4.27.4&#8243; _module_preset=&#8221;default&#8221; global_colors_info=&#8221;{}&#8221;]<\/p>\n<h2>What our customers say<\/h2>\n<p>In the past, we have already been able to participate in a large number of projects in Germany and other European countries and contribute our expertise and many years of experience. These projects cover a wide range of areas and have helped us to constantly improve our capabilities and develop innovative solutions with and for our customers. <\/p>\n<p>[\/et_pb_text][\/et_pb_column][\/et_pb_row][\/et_pb_section][et_pb_section fb_built=&#8221;1&#8243; disabled_on=&#8221;off|off|off&#8221; admin_label=&#8221;Referenzen&#8221; module_class=&#8221;slide references-slider&#8221; _builder_version=&#8221;4.27.4&#8243; _module_preset=&#8221;default&#8221; background_image=&#8221;https:\/\/digitaleentwicklung.de\/wp-content\/uploads\/2024\/07\/buehne-unten-rechts-1.png&#8221; background_size=&#8221;custom&#8221; background_image_height=&#8221;54%&#8221; background_position=&#8221;bottom_left&#8221; custom_margin=&#8221;0px||||false|false&#8221; custom_padding=&#8221;0px||||false|false&#8221; custom_css_free_form=&#8221;selector {||  margin-bottom: 0 !important;||}&#8221; global_colors_info=&#8221;{}&#8221;][et_pb_row use_custom_gutter=&#8221;on&#8221; gutter_width=&#8221;4&#8243; _builder_version=&#8221;4.27.4&#8243; _module_preset=&#8221;default&#8221; max_width=&#8221;600px&#8221; custom_css_free_form=&#8221;selector&#8221; global_colors_info=&#8221;{}&#8221;][et_pb_column type=&#8221;4_4&#8243; admin_label=&#8221;Column&#8221; _builder_version=&#8221;4.27.4&#8243; _module_preset=&#8221;default&#8221; background_color=&#8221;#FFFFFF&#8221; custom_padding=&#8221;20px|20px||20px|false|true&#8221; border_radii=&#8221;on|10px|10px|10px|10px&#8221; box_shadow_style=&#8221;preset1&#8243; global_colors_info=&#8221;{}&#8221; transform_styles__hover_enabled=&#8221;on|hover&#8221; transform_scale__hover_enabled=&#8221;on|hover&#8221; transform_translate__hover_enabled=&#8221;on|desktop&#8221; transform_rotate__hover_enabled=&#8221;on|desktop&#8221; transform_skew__hover_enabled=&#8221;on|desktop&#8221; transform_origin__hover_enabled=&#8221;on|desktop&#8221; transform_scale__hover=&#8221;102%|102%&#8221;][et_pb_image src=&#8221;https:\/\/digitaleentwicklung.de\/wp-content\/uploads\/2021\/07\/Testimonial_Alexander-Groll_q-e1651821841977.jpg&#8221; alt=&#8221;Alexander Groll&#8221; title_text=&#8221;Alexander Groll&#8221; show_bottom_space=&#8221;off&#8221; _builder_version=&#8221;4.23.1&#8243; _module_preset=&#8221;default&#8221; max_width=&#8221;45%&#8221; custom_margin=&#8221;||||false|false&#8221; custom_padding=&#8221;||||false|false&#8221; custom_css_main_element=&#8221;display: inline-block;||float: right;&#8221; border_radii=&#8221;on|2874px|2874px|2874px|2874px&#8221; global_colors_info=&#8221;{}&#8221;][\/et_pb_image][et_pb_text _builder_version=&#8221;4.27.4&#8243; _module_preset=&#8221;default&#8221; max_width=&#8221;45%&#8221; module_alignment=&#8221;left&#8221; custom_margin=&#8221;40px|0px|15px|0px|false|true&#8221; global_colors_info=&#8221;{}&#8221;]<\/p>\n<h5>Alexander Groll<\/h5>\n<p>Head of Economic Development<br \/>Schw\u00e4bisch Gm\u00fcnd<\/p>\n<p>[\/et_pb_text][et_pb_image src=&#8221;https:\/\/digitaleentwicklung.de\/wp-content\/uploads\/2024\/06\/logo_stadtverwaltung_schwaebisch_gmuend_de.png&#8221; title_text=&#8221;Logo Schwaebisch Gm\u00fcnd&#8221; _builder_version=&#8221;4.23.1&#8243; _module_preset=&#8221;default&#8221; max_width=&#8221;45%&#8221; module_alignment=&#8221;left&#8221; global_colors_info=&#8221;{}&#8221;][\/et_pb_image][et_pb_text _builder_version=&#8221;4.27.4&#8243; _module_preset=&#8221;default&#8221; quote_font=&#8221;||on||||||&#8221; custom_padding=&#8221;0%|0%|20px|0%|false|true&#8221; custom_css_free_form=&#8221;selector blockquote {||  padding-right: 45px;||  position: relative;||}||||selector {||  grid-area: 3 \/ 1 \/ 4 \/ 3;||}||||selector blockquote::before {||  \tcontent: %22%92%22%22;||    font-family: &#8216;Times New Roman&#8217;, serif;||    font-size: 60px;||    position: absolute;||    right: .5rem;||    top: 1rem;||    transform: rotate(19deg);||    font-weight: 900;||    color: #f1b51e;||}&#8221; global_colors_info=&#8221;{}&#8221;]<\/p>\n<blockquote><p>As part of the 5G Innovation Competition model project, it is simply fun to work with the experts from ZDE. The team&#8217;s high level of innovation is clearly noticeable. <\/p><\/blockquote>\n<p>[\/et_pb_text][\/et_pb_column][\/et_pb_row][et_pb_row _builder_version=&#8221;4.27.4&#8243; _module_preset=&#8221;default&#8221; max_width=&#8221;600px&#8221; global_colors_info=&#8221;{}&#8221;][et_pb_column type=&#8221;4_4&#8243; admin_label=&#8221;Column&#8221; _builder_version=&#8221;4.23.1&#8243; _module_preset=&#8221;default&#8221; background_color=&#8221;#FFFFFF&#8221; custom_padding=&#8221;20px|20px||20px|false|true&#8221; border_radii=&#8221;on|10px|10px|10px|10px&#8221; box_shadow_style=&#8221;preset1&#8243; global_colors_info=&#8221;{}&#8221; transform_styles__hover_enabled=&#8221;on|hover&#8221; transform_scale__hover_enabled=&#8221;on|hover&#8221; transform_translate__hover_enabled=&#8221;on|desktop&#8221; transform_rotate__hover_enabled=&#8221;on|desktop&#8221; transform_skew__hover_enabled=&#8221;on|desktop&#8221; transform_origin__hover_enabled=&#8221;on|desktop&#8221; transform_scale__hover=&#8221;102%|102%&#8221;][et_pb_image src=&#8221;https:\/\/digitaleentwicklung.de\/wp-content\/uploads\/2024\/07\/Phillip-Reis-e1720604654668.png&#8221; alt=&#8221;Alexander Groll&#8221; title_text=&#8221;Phillip Reis&#8221; show_bottom_space=&#8221;off&#8221; _builder_version=&#8221;4.23.1&#8243; _module_preset=&#8221;default&#8221; max_width=&#8221;45%&#8221; custom_margin=&#8221;||||false|false&#8221; custom_padding=&#8221;||||false|false&#8221; custom_css_main_element=&#8221;display: inline-block;||float: right;&#8221; border_radii=&#8221;on|2874px|2874px|2874px|2874px&#8221; global_colors_info=&#8221;{}&#8221;][\/et_pb_image][et_pb_text _builder_version=&#8221;4.27.4&#8243; _module_preset=&#8221;default&#8221; max_width=&#8221;45%&#8221; module_alignment=&#8221;left&#8221; custom_margin=&#8221;40px|0px|15px|0px|false|true&#8221; global_colors_info=&#8221;{}&#8221;]<\/p>\n<h5>Phillip Reis<\/h5>\n<p>Chief Digital Officer<br \/>St. Wendel<br \/>&#8220;Smart Wendeler Land&#8221;<\/p>\n<p>[\/et_pb_text][et_pb_image src=&#8221;https:\/\/digitaleentwicklung.de\/wp-content\/uploads\/2024\/07\/Smart-Wendeler-Land.png&#8221; title_text=&#8221;Smart Wendel Land&#8221; _builder_version=&#8221;4.23.1&#8243; _module_preset=&#8221;default&#8221; max_width=&#8221;45%&#8221; module_alignment=&#8221;left&#8221; global_colors_info=&#8221;{}&#8221;][\/et_pb_image][et_pb_text _builder_version=&#8221;4.27.4&#8243; _module_preset=&#8221;default&#8221; quote_font=&#8221;||on||||||&#8221; custom_padding=&#8221;0%|0%|20px|0%|false|true&#8221; custom_css_free_form=&#8221;selector blockquote {||  padding-right: 45px;||  position: relative;||}||||selector {||  grid-area: 3 \/ 1 \/ 4 \/ 3;||}||||selector blockquote::before {||  \tcontent: %22%92%22%22;||    font-family: &#8216;Times New Roman&#8217;, serif;||    font-size: 60px;||    position: absolute;||    right: .5rem;||    top: 1rem;||    transform: rotate(19deg);||    font-weight: 900;||    color: #f1b51e;||}&#8221; global_colors_info=&#8221;{}&#8221;]<\/p>\n<blockquote>\n<p>The ZDE Academy&#8217;s Smart City Expert training course was ideally tailored to our current challenges in the &#8220;Smart Wendel region&#8221; as one of the Smart City model municipalities. Both our newer team members and advanced participants were able to benefit from the training. We will also receive a recognized IHK certificate upon completion.  <\/p>\n<\/blockquote>\n<p>[\/et_pb_text][\/et_pb_column][\/et_pb_row][et_pb_row _builder_version=&#8221;4.27.4&#8243; _module_preset=&#8221;default&#8221; max_width=&#8221;600px&#8221; global_colors_info=&#8221;{}&#8221;][et_pb_column type=&#8221;4_4&#8243; admin_label=&#8221;Column&#8221; _builder_version=&#8221;4.27.4&#8243; _module_preset=&#8221;default&#8221; background_color=&#8221;#FFFFFF&#8221; custom_padding=&#8221;20px|20px||20px|false|true&#8221; border_radii=&#8221;on|10px|10px|10px|10px&#8221; box_shadow_style=&#8221;preset1&#8243; global_colors_info=&#8221;{}&#8221; transform_styles__hover_enabled=&#8221;on|hover&#8221; transform_scale__hover_enabled=&#8221;on|hover&#8221; transform_translate__hover_enabled=&#8221;on|desktop&#8221; transform_rotate__hover_enabled=&#8221;on|desktop&#8221; transform_skew__hover_enabled=&#8221;on|desktop&#8221; transform_origin__hover_enabled=&#8221;on|desktop&#8221; transform_scale__hover=&#8221;102%|102%&#8221;][et_pb_image src=&#8221;https:\/\/digitaleentwicklung.de\/wp-content\/uploads\/2025\/05\/unnamed.jpg&#8221; alt=&#8221;Alexander Groll&#8221; title_text=&#8221;Peter Schmidt&#8221; show_bottom_space=&#8221;off&#8221; _builder_version=&#8221;4.27.4&#8243; _module_preset=&#8221;default&#8221; max_width=&#8221;45%&#8221; custom_margin=&#8221;||||false|false&#8221; custom_padding=&#8221;||||false|false&#8221; custom_css_main_element=&#8221;display: inline-block;||float: right;&#8221; border_radii=&#8221;on|2874px|2874px|2874px|2874px&#8221; global_colors_info=&#8221;{}&#8221;][\/et_pb_image][et_pb_text _builder_version=&#8221;4.27.4&#8243; _module_preset=&#8221;default&#8221; max_width=&#8221;45%&#8221; module_alignment=&#8221;left&#8221; custom_margin=&#8221;40px|0px|15px|0px|false|true&#8221; global_colors_info=&#8221;{}&#8221;]<\/p>\n<h5>Peter Schmidt<\/h5>\n<p>Head of digiZ<br \/>\nDigitalization Center Ostw\u00fcrttemberg[\/et_pb_text][et_pb_image src=&#8221;https:\/\/digitaleentwicklung.de\/wp-content\/uploads\/2025\/05\/unnamed-1.jpg&#8221; title_text=&#8221;Logo digiZ&#8221; _builder_version=&#8221;4.27.4&#8243; _module_preset=&#8221;default&#8221; max_width=&#8221;33%&#8221; module_alignment=&#8221;left&#8221; global_colors_info=&#8221;{}&#8221;][\/et_pb_image][et_pb_text _builder_version=&#8221;4.27.4&#8243; _module_preset=&#8221;default&#8221; quote_font=&#8221;||on||||||&#8221; custom_padding=&#8221;0%|0%|20px|0%|false|true&#8221; custom_css_free_form=&#8221;selector blockquote {||  padding-right: 45px;||  position: relative;||}||||selector {||  grid-area: 3 \/ 1 \/ 4 \/ 3;||}||||selector blockquote::before {||  \tcontent: %22%92%22%22;||    font-family: &#8216;Times New Roman&#8217;, serif;||    font-size: 60px;||    position: absolute;||    right: .5rem;||    top: 1rem;||    transform: rotate(19deg);||    font-weight: 900;||    color: #f1b51e;||}&#8221; global_colors_info=&#8221;{}&#8221;]<\/p>\n<blockquote>\n<p><span>As a digiZ network partner, ZDE takes over the technical support of the service points for 5G campus networks, fiber optics and sensor solutions for us. Thanks to the in-depth technical expertise and market knowledge of the ZDE experts, we can be sure that companies in our region will receive the best advice on these key future topics and will be able to get their digital projects off the ground in the best possible way. <\/span><\/p>\n<\/blockquote>\n<p>[\/et_pb_text][\/et_pb_column][\/et_pb_row][et_pb_row _builder_version=&#8221;4.27.4&#8243; _module_preset=&#8221;default&#8221; max_width=&#8221;600px&#8221; global_colors_info=&#8221;{}&#8221;][et_pb_column type=&#8221;4_4&#8243; admin_label=&#8221;Column&#8221; _builder_version=&#8221;4.27.4&#8243; _module_preset=&#8221;default&#8221; background_color=&#8221;#FFFFFF&#8221; custom_padding=&#8221;20px|20px||20px|false|true&#8221; border_radii=&#8221;on|10px|10px|10px|10px&#8221; box_shadow_style=&#8221;preset1&#8243; global_colors_info=&#8221;{}&#8221; transform_styles__hover_enabled=&#8221;on|hover&#8221; transform_scale__hover_enabled=&#8221;on|hover&#8221; transform_translate__hover_enabled=&#8221;on|desktop&#8221; transform_rotate__hover_enabled=&#8221;on|desktop&#8221; transform_skew__hover_enabled=&#8221;on|desktop&#8221; transform_origin__hover_enabled=&#8221;on|desktop&#8221; transform_scale__hover=&#8221;102%|102%&#8221;][et_pb_image src=&#8221;https:\/\/digitaleentwicklung.de\/wp-content\/uploads\/2021\/07\/testiomnial_Setzen.jpg&#8221; alt=&#8221;Michael Setzen&#8221; title_text=&#8221;Michael Setzen&#8221; show_bottom_space=&#8221;off&#8221; _builder_version=&#8221;4.27.4&#8243; _module_preset=&#8221;default&#8221; max_width=&#8221;45%&#8221; custom_margin=&#8221;||||false|false&#8221; custom_padding=&#8221;||||false|false&#8221; custom_css_main_element=&#8221;display: inline-block;||float: right;&#8221; border_radii=&#8221;on|2874px|2874px|2874px|2874px&#8221; global_colors_info=&#8221;{}&#8221;][\/et_pb_image][et_pb_text _builder_version=&#8221;4.27.4&#8243; _module_preset=&#8221;default&#8221; max_width=&#8221;45%&#8221; module_alignment=&#8221;left&#8221; custom_margin=&#8221;40px|0px|15px|0px|false|true&#8221; global_colors_info=&#8221;{}&#8221;]<\/p>\n<h5>Michael Setzen<\/h5>\n<p>Economic promoter<br \/>\nLandkreis Heidenheim[\/et_pb_text][et_pb_image src=&#8221;https:\/\/digitaleentwicklung.de\/wp-content\/uploads\/2021\/07\/logo_LK-HDH-1.png&#8221; title_text=&#8221;logo_LK HDH&#8221; _builder_version=&#8221;4.27.4&#8243; _module_preset=&#8221;default&#8221; max_width=&#8221;45%&#8221; module_alignment=&#8221;left&#8221; global_colors_info=&#8221;{}&#8221;][\/et_pb_image][et_pb_text _builder_version=&#8221;4.27.4&#8243; _module_preset=&#8221;default&#8221; quote_font=&#8221;||on||||||&#8221; custom_padding=&#8221;0%|0%|20px|0%|false|true&#8221; custom_css_free_form=&#8221;selector blockquote {||  padding-right: 45px;||  position: relative;||}||||selector {||  grid-area: 3 \/ 1 \/ 4 \/ 3;||}||||selector blockquote::before {||  \tcontent: %22%92%22%22;||    font-family: &#8216;Times New Roman&#8217;, serif;||    font-size: 60px;||    position: absolute;||    right: .5rem;||    top: 1rem;||    transform: rotate(19deg);||    font-weight: 900;||    color: #f1b51e;||}&#8221; global_colors_info=&#8221;{}&#8221;]<\/p>\n<blockquote>\n<p>In our multi-year, federally funded 5G model project YardManagementHDH, ZDE has contributed to the consortium as a project manager, among other things. They have repeatedly succeeded in bringing the players together and keeping everyone motivated through profitable input, valuable moderation and modern, collaborative cooperation. The project team has grown together well. We are very satisfied with the results. THANK YOU.    <\/p>\n<\/blockquote>\n<p>[\/et_pb_text][\/et_pb_column][\/et_pb_row][et_pb_row _builder_version=&#8221;4.27.4&#8243; _module_preset=&#8221;default&#8221; max_width=&#8221;600px&#8221; global_colors_info=&#8221;{}&#8221;][et_pb_column type=&#8221;4_4&#8243; admin_label=&#8221;Column&#8221; _builder_version=&#8221;4.27.4&#8243; _module_preset=&#8221;default&#8221; background_color=&#8221;#FFFFFF&#8221; custom_padding=&#8221;20px|20px||20px|false|true&#8221; border_radii=&#8221;on|10px|10px|10px|10px&#8221; box_shadow_style=&#8221;preset1&#8243; global_colors_info=&#8221;{}&#8221; transform_styles__hover_enabled=&#8221;on|hover&#8221; transform_scale__hover_enabled=&#8221;on|hover&#8221; transform_translate__hover_enabled=&#8221;on|desktop&#8221; transform_rotate__hover_enabled=&#8221;on|desktop&#8221; transform_skew__hover_enabled=&#8221;on|desktop&#8221; transform_origin__hover_enabled=&#8221;on|desktop&#8221; transform_scale__hover=&#8221;102%|102%&#8221;][et_pb_image src=&#8221;https:\/\/digitaleentwicklung.de\/wp-content\/uploads\/2025\/05\/daniel-heuberger.1024&#215;1024.jpg&#8221; alt=&#8221;Michael Setzen&#8221; title_text=&#8221;daniel-heuberger.1024&#215;1024&#8243; show_bottom_space=&#8221;off&#8221; _builder_version=&#8221;4.27.4&#8243; _module_preset=&#8221;default&#8221; max_width=&#8221;45%&#8221; custom_margin=&#8221;||||false|false&#8221; custom_padding=&#8221;||||false|false&#8221; custom_css_main_element=&#8221;display: inline-block;||float: right;&#8221; border_radii=&#8221;on|2874px|2874px|2874px|2874px&#8221; global_colors_info=&#8221;{}&#8221;][\/et_pb_image][et_pb_text _builder_version=&#8221;4.27.4&#8243; _module_preset=&#8221;default&#8221; max_width=&#8221;45%&#8221; module_alignment=&#8221;left&#8221; custom_margin=&#8221;40px|0px|15px|0px|false|true&#8221; global_colors_info=&#8221;{}&#8221;]<\/p>\n<h5><span data-teams=\"true\"> Dr. Daniel Heuberger<\/span><\/h5>\n<p><span data-teams=\"true\">Stadtwerke Hilden<\/span><\/p>\n<p>[\/et_pb_text][et_pb_image src=&#8221;https:\/\/digitaleentwicklung.de\/wp-content\/uploads\/2025\/05\/Bild-19.png&#8221; title_text=&#8221;Bild (19)&#8221; _builder_version=&#8221;4.27.4&#8243; _module_preset=&#8221;default&#8221; max_width=&#8221;45%&#8221; module_alignment=&#8221;left&#8221; global_colors_info=&#8221;{}&#8221;][\/et_pb_image][et_pb_text _builder_version=&#8221;4.27.4&#8243; _module_preset=&#8221;default&#8221; quote_font=&#8221;||on||||||&#8221; custom_padding=&#8221;0%|0%|20px|0%|false|true&#8221; custom_css_free_form=&#8221;selector blockquote {||  padding-right: 45px;||  position: relative;||}||||selector {||  grid-area: 3 \/ 1 \/ 4 \/ 3;||}||||selector blockquote::before {||  \tcontent: %22%92%22%22;||    font-family: &#8216;Times New Roman&#8217;, serif;||    font-size: 60px;||    position: absolute;||    right: .5rem;||    top: 1rem;||    transform: rotate(19deg);||    font-weight: 900;||    color: #f1b51e;||}&#8221; global_colors_info=&#8221;{}&#8221;]<\/p>\n<blockquote>\n<p><span><\/span><\/p>\n<p><span>Thanks to the ZDE&#8217;s issues management, we were well prepared for our city conference on municipal heat planning and were able to communicate the complex topics very effectively.<\/span><span data-teams=\"true\"><\/span><\/p>\n<\/blockquote>\n<p>[\/et_pb_text][\/et_pb_column][\/et_pb_row][et_pb_row _builder_version=&#8221;4.27.4&#8243; _module_preset=&#8221;default&#8221; max_width=&#8221;600px&#8221; global_colors_info=&#8221;{}&#8221;][et_pb_column type=&#8221;4_4&#8243; admin_label=&#8221;Column&#8221; _builder_version=&#8221;4.27.4&#8243; _module_preset=&#8221;default&#8221; background_color=&#8221;#FFFFFF&#8221; custom_padding=&#8221;20px|20px||20px|false|true&#8221; border_radii=&#8221;on|10px|10px|10px|10px&#8221; box_shadow_style=&#8221;preset1&#8243; global_colors_info=&#8221;{}&#8221; transform_styles__hover_enabled=&#8221;on|hover&#8221; transform_scale__hover_enabled=&#8221;on|hover&#8221; transform_translate__hover_enabled=&#8221;on|desktop&#8221; transform_rotate__hover_enabled=&#8221;on|desktop&#8221; transform_skew__hover_enabled=&#8221;on|desktop&#8221; transform_origin__hover_enabled=&#8221;on|desktop&#8221; transform_scale__hover=&#8221;102%|102%&#8221;][et_pb_image src=&#8221;https:\/\/digitaleentwicklung.de\/wp-content\/uploads\/2025\/06\/1678950299236.jpeg&#8221; alt=&#8221;Michael Setzen&#8221; title_text=&#8221;1678950299236&#8243; show_bottom_space=&#8221;off&#8221; _builder_version=&#8221;4.27.4&#8243; _module_preset=&#8221;default&#8221; max_width=&#8221;45%&#8221; custom_margin=&#8221;||||false|false&#8221; custom_padding=&#8221;||||false|false&#8221; custom_css_main_element=&#8221;display: inline-block;||float: right;&#8221; border_radii=&#8221;on|2874px|2874px|2874px|2874px&#8221; global_colors_info=&#8221;{}&#8221;][\/et_pb_image][et_pb_text _builder_version=&#8221;4.27.4&#8243; _module_preset=&#8221;default&#8221; max_width=&#8221;45%&#8221; module_alignment=&#8221;left&#8221; custom_margin=&#8221;40px|0px|15px|0px|false|true&#8221; global_colors_info=&#8221;{}&#8221;]<\/p>\n<h5><span data-teams=\"true\"> Eva Bauerschmidt<\/span><\/h5>\n<p><span data-teams=\"true\">Head of Global Press &amp; PR &amp; Corporate Spokesperson bei BSH Home Appliances Group<\/span><\/p>\n<p>[\/et_pb_text][et_pb_image src=&#8221;https:\/\/digitaleentwicklung.de\/wp-content\/uploads\/2025\/06\/logo-1024&#215;315-1.png&#8221; title_text=&#8221;logo-1024&#215;315 (1)&#8221; _builder_version=&#8221;4.27.4&#8243; _module_preset=&#8221;default&#8221; max_width=&#8221;45%&#8221; module_alignment=&#8221;left&#8221; global_colors_info=&#8221;{}&#8221;][\/et_pb_image][et_pb_text _builder_version=&#8221;4.27.4&#8243; _module_preset=&#8221;default&#8221; quote_font=&#8221;||on||||||&#8221; custom_padding=&#8221;0%|0%|20px|0%|false|true&#8221; custom_css_free_form=&#8221;selector blockquote {||  padding-right: 45px;||  position: relative;||}||||selector {||  grid-area: 3 \/ 1 \/ 4 \/ 3;||}||||selector blockquote::before {||  \tcontent: %22%92%22%22;||    font-family: &#8216;Times New Roman&#8217;, serif;||    font-size: 60px;||    position: absolute;||    right: .5rem;||    top: 1rem;||    transform: rotate(19deg);||    font-weight: 900;||    color: #f1b51e;||}&#8221; global_colors_info=&#8221;{}&#8221;]<\/p>\n<blockquote>\n<p><span><\/span><\/p>\n<p><span data-teams=\"true\">The communication management provided by ZDE was a key success factor in our project. Thanks to well-structured planning, a strategically thought-out approach, pragmatic issue management, and professional coordination among the partners, the project\u2019s content-related work was optimally supported through effective communication. <\/span><\/p>\n<\/blockquote>\n<p>[\/et_pb_text][\/et_pb_column][\/et_pb_row][et_pb_row _builder_version=&#8221;4.27.4&#8243; _module_preset=&#8221;default&#8221; max_width=&#8221;600px&#8221; global_colors_info=&#8221;{}&#8221;][et_pb_column type=&#8221;4_4&#8243; admin_label=&#8221;Column&#8221; _builder_version=&#8221;4.27.4&#8243; _module_preset=&#8221;default&#8221; background_color=&#8221;#FFFFFF&#8221; custom_padding=&#8221;20px|20px||20px|false|true&#8221; border_radii=&#8221;on|10px|10px|10px|10px&#8221; box_shadow_style=&#8221;preset1&#8243; global_colors_info=&#8221;{}&#8221; transform_styles__hover_enabled=&#8221;on|hover&#8221; transform_scale__hover_enabled=&#8221;on|hover&#8221; transform_translate__hover_enabled=&#8221;on|desktop&#8221; transform_rotate__hover_enabled=&#8221;on|desktop&#8221; transform_skew__hover_enabled=&#8221;on|desktop&#8221; transform_origin__hover_enabled=&#8221;on|desktop&#8221; transform_scale__hover=&#8221;102%|102%&#8221;][et_pb_image src=&#8221;https:\/\/digitaleentwicklung.de\/wp-content\/uploads\/2025\/07\/Olli5-scaled.jpg&#8221; alt=&#8221;Michael Setzen&#8221; title_text=&#8221;Olli5&#8243; show_bottom_space=&#8221;off&#8221; _builder_version=&#8221;4.27.4&#8243; _module_preset=&#8221;default&#8221; max_width=&#8221;45%&#8221; custom_margin=&#8221;||||false|false&#8221; custom_padding=&#8221;||||false|false&#8221; custom_css_main_element=&#8221;display: inline-block;||float: right;&#8221; border_radii=&#8221;on|2874px|2874px|2874px|2874px&#8221; global_colors_info=&#8221;{}&#8221;][\/et_pb_image][et_pb_text _builder_version=&#8221;4.27.4&#8243; _module_preset=&#8221;default&#8221; max_width=&#8221;45%&#8221; module_alignment=&#8221;left&#8221; custom_margin=&#8221;40px|0px|15px|0px|false|true&#8221; global_colors_info=&#8221;{}&#8221;]<\/p>\n<h5><span data-teams=\"true\"> Oliver Rauh<\/span><\/h5>\n<p><span data-teams=\"true\">Project Manager Smartes Fichtelgebirge<br \/><\/span><\/p>\n<p>[\/et_pb_text][et_pb_image src=&#8221;https:\/\/digitaleentwicklung.de\/wp-content\/uploads\/2025\/07\/Kontakt.png&#8221; title_text=&#8221;logo-1024&#215;315 (1)&#8221; _builder_version=&#8221;4.27.4&#8243; _module_preset=&#8221;default&#8221; max_width=&#8221;24%&#8221; module_alignment=&#8221;left&#8221; global_colors_info=&#8221;{}&#8221;][\/et_pb_image][et_pb_text _builder_version=&#8221;4.27.4&#8243; _module_preset=&#8221;default&#8221; quote_font=&#8221;||on||||||&#8221; custom_padding=&#8221;0%|0%|20px|0%|false|true&#8221; custom_css_free_form=&#8221;selector blockquote {||  padding-right: 45px;||  position: relative;||}||||selector {||  grid-area: 3 \/ 1 \/ 4 \/ 3;||}||||selector blockquote::before {||  \tcontent: %22%92%22%22;||    font-family: &#8216;Times New Roman&#8217;, serif;||    font-size: 60px;||    position: absolute;||    right: .5rem;||    top: 1rem;||    transform: rotate(19deg);||    font-weight: 900;||    color: #f1b51e;||}&#8221; global_colors_info=&#8221;{}&#8221;]<\/p>\n<blockquote>\n<p><span><\/span><\/p>\n<p><span data-teams=\"true\">ZDE provided excellent support on our journey toward establishing the FichtelLAB. In addition to many creative ideas for the lab and our events, we were particularly impressed by the mobile IoT exhibit, which perfectly complements the pop-up concept and makes Smart Region technologies tangible. <\/span><\/p>\n<\/blockquote>\n<p>[\/et_pb_text][\/et_pb_column][\/et_pb_row][et_pb_row _builder_version=&#8221;4.27.4&#8243; _module_preset=&#8221;default&#8221; max_width=&#8221;600px&#8221; global_colors_info=&#8221;{}&#8221;][et_pb_column type=&#8221;4_4&#8243; admin_label=&#8221;Column&#8221; _builder_version=&#8221;4.27.4&#8243; _module_preset=&#8221;default&#8221; background_color=&#8221;#FFFFFF&#8221; custom_padding=&#8221;20px|20px||20px|false|true&#8221; border_radii=&#8221;on|10px|10px|10px|10px&#8221; box_shadow_style=&#8221;preset1&#8243; global_colors_info=&#8221;{}&#8221; transform_styles__hover_enabled=&#8221;on|hover&#8221; transform_scale__hover_enabled=&#8221;on|hover&#8221; transform_translate__hover_enabled=&#8221;on|desktop&#8221; transform_rotate__hover_enabled=&#8221;on|desktop&#8221; transform_skew__hover_enabled=&#8221;on|desktop&#8221; transform_origin__hover_enabled=&#8221;on|desktop&#8221; transform_scale__hover=&#8221;102%|102%&#8221;][et_pb_image src=&#8221;https:\/\/digitaleentwicklung.de\/wp-content\/uploads\/2025\/08\/Miroslav-Scheiner-rund-01.png&#8221; alt=&#8221;Michael Setzen&#8221; title_text=&#8221;Miroslav Scheiner-rund-01&#8243; show_bottom_space=&#8221;off&#8221; _builder_version=&#8221;4.27.4&#8243; _module_preset=&#8221;default&#8221; max_width=&#8221;45%&#8221; custom_margin=&#8221;||||false|false&#8221; custom_padding=&#8221;||||false|false&#8221; custom_css_main_element=&#8221;display: inline-block;||float: right;&#8221; border_radii=&#8221;on|2874px|2874px|2874px|2874px&#8221; global_colors_info=&#8221;{}&#8221;][\/et_pb_image][et_pb_text _builder_version=&#8221;4.27.4&#8243; _module_preset=&#8221;default&#8221; max_width=&#8221;45%&#8221; module_alignment=&#8221;left&#8221; custom_margin=&#8221;40px|0px|15px|0px|false|true&#8221; global_colors_info=&#8221;{}&#8221;]<\/p>\n<h5><span data-teams=\"true\">Miroslav Scheiner<\/span><\/h5>\n<p><span data-teams=\"true\">Smart City Envoy, Ministry of Industry and Trade of the Czech Republic<\/span><\/p>\n<p>[\/et_pb_text][et_pb_image src=&#8221;https:\/\/digitaleentwicklung.de\/wp-content\/uploads\/2025\/03\/Logos-fuer-ZDE-Webseite.png&#8221; title_text=&#8221;Logos f\u00fcr ZDE Webseite&#8221; _builder_version=&#8221;4.27.4&#8243; _module_preset=&#8221;default&#8221; max_width=&#8221;45%&#8221; module_alignment=&#8221;left&#8221; global_colors_info=&#8221;{}&#8221;][\/et_pb_image][et_pb_text _builder_version=&#8221;4.27.4&#8243; _module_preset=&#8221;default&#8221; quote_font=&#8221;||on||||||&#8221; custom_padding=&#8221;0%|0%|20px|0%|false|true&#8221; custom_css_free_form=&#8221;selector blockquote {||  padding-right: 45px;||  position: relative;||}||||selector {||  grid-area: 3 \/ 1 \/ 4 \/ 3;||}||||selector blockquote::before {||  \tcontent: %22%92%22%22;||    font-family: &#8216;Times New Roman&#8217;, serif;||    font-size: 60px;||    position: absolute;||    right: .5rem;||    top: 1rem;||    transform: rotate(19deg);||    font-weight: 900;||    color: #f1b51e;||}&#8221; global_colors_info=&#8221;{}&#8221;]<\/p>\n<blockquote>\n<p>&nbsp;<\/p>\n<p><span data-teams=\"true\">In our INTERREG project PilotInnCities, I experience ZDE as a highly reliable and motivated partner. The European consortium profits by ZDE&#8217;s strategic and technological competences as well as practical experience and strong network in the Smart City area. <\/span><\/p>\n<p><span data-teams=\"true\"><\/span><\/p>\n<\/blockquote>\n<p>[\/et_pb_text][\/et_pb_column][\/et_pb_row][\/et_pb_section][et_pb_section fb_built=&#8221;1&#8243; _builder_version=&#8221;4.27.4&#8243; _module_preset=&#8221;default&#8221; background_color=&#8221;#EDEDED&#8221; background_image=&#8221;https:\/\/digitaleentwicklung.de\/wp-content\/uploads\/2024\/07\/Welle_farbloser-Hintergrund-1.png&#8221; background_size=&#8221;custom&#8221; background_image_height=&#8221;100%&#8221; background_position=&#8221;center_right&#8221; background_last_edited=&#8221;on|phone&#8221; background_image_tablet=&#8221;https:\/\/digitaleentwicklung.de\/wp-content\/uploads\/2024\/07\/Haken-links-1.png&#8221; background_image_phone=&#8221;https:\/\/digitaleentwicklung.de\/wp-content\/uploads\/2024\/08\/Mask-group-11.svg&#8221; background_enable_image_tablet=&#8221;on&#8221; background_enable_image_phone=&#8221;on&#8221; background_image_width_tablet=&#8221;24%&#8221; background_image_height_tablet=&#8221;auto&#8221; background_image_height_phone=&#8221;5%&#8221; background_position_tablet=&#8221;top_right&#8221; background_position_phone=&#8221;top_right&#8221; global_colors_info=&#8221;{}&#8221;][et_pb_row column_structure=&#8221;1_2,1_2&#8243; use_custom_gutter=&#8221;on&#8221; gutter_width=&#8221;4&#8243; _builder_version=&#8221;4.27.4&#8243; _module_preset=&#8221;default&#8221; max_width=&#8221;1080px&#8221; global_colors_info=&#8221;{}&#8221;][et_pb_column type=&#8221;1_2&#8243; _builder_version=&#8221;4.27.4&#8243; _module_preset=&#8221;default&#8221; global_colors_info=&#8221;{}&#8221;][et_pb_code admin_label=&#8221;References Slider Code&#8221; _builder_version=&#8221;4.27.4&#8243; _module_preset=&#8221;default&#8221; global_colors_info=&#8221;{}&#8221;]<link rel=\"stylesheet\" type=\"text\/css\" href=\"\/slick\/slick.css\"><!-- [et_pb_line_break_holder] --><link rel=\"stylesheet\" type=\"text\/css\" href=\"\/slick\/slick-theme.css\"><!-- [et_pb_line_break_holder] --><script type=\"text\/javascript\" src=\"\/slick\/slick.min.js\"><\/script><!-- [et_pb_line_break_holder] -->\t\t\t\t<!-- [et_pb_line_break_holder] --><!-- [et_pb_line_break_holder] --><script><!-- [et_pb_line_break_holder] -->jQuery('.slide').slick({ <!-- [et_pb_line_break_holder] -->  centerMode: true,<!-- [et_pb_line_break_holder] -->  variableWidth: true,<!-- [et_pb_line_break_holder] -->  dots: true,<!-- [et_pb_line_break_holder] -->});<!-- [et_pb_line_break_holder] --><\/script><!-- [et_pb_line_break_holder] --><!-- [et_pb_line_break_holder] --><\/p>\n<style><!-- [et_pb_line_break_holder] -->@media only screen and (min-width: 980px) {<!-- [et_pb_line_break_holder] -->  .slick-slide {<!-- [et_pb_line_break_holder] -->    display: flex !important;<!-- [et_pb_line_break_holder] -->    width: 600px !important;<!-- [et_pb_line_break_holder] -->}<!-- [et_pb_line_break_holder] -->  <!-- [et_pb_line_break_holder] -->  .et_pb_row.slick-slide {<!-- [et_pb_line_break_holder] -->        padding: 20px 0;<!-- [et_pb_line_break_holder] -->    }<!-- [et_pb_line_break_holder] -->  }<!-- [et_pb_line_break_holder] -->  <!-- [et_pb_line_break_holder] -->  .slick-slide {<!-- [et_pb_line_break_holder] -->    margin: 0 20px;<!-- [et_pb_line_break_holder] -->    max-width: 85vw !important;<!-- [et_pb_line_break_holder] -->  }<!-- [et_pb_line_break_holder] -->  <!-- [et_pb_line_break_holder] --><!-- [et_pb_line_break_holder] -->  .references-slider button.slick-arrow {<!-- [et_pb_line_break_holder] -->    height: 40px;<!-- [et_pb_line_break_holder] -->    width: 40px;<!-- [et_pb_line_break_holder] -->    background: #ddd;<!-- [et_pb_line_break_holder] -->    border: 0 solid #333;<!-- [et_pb_line_break_holder] -->    transform: skew(0deg);<!-- [et_pb_line_break_holder] -->    margin-top: -20px;<!-- [et_pb_line_break_holder] -->    border-radius: 40px;<!-- [et_pb_line_break_holder] -->}<!-- [et_pb_line_break_holder] -->  <!-- [et_pb_line_break_holder] -->  .slick-prev:before {<!-- [et_pb_line_break_holder] -->    font-family: ETmodules !important;<!-- [et_pb_line_break_holder] -->    font-weight: 400 !important;<!-- [et_pb_line_break_holder] -->    content: '4' !important;<!-- [et_pb_line_break_holder] -->    color: #666 !important;<!-- [et_pb_line_break_holder] -->    font-size: 30px !important;<!-- [et_pb_line_break_holder] -->}<!-- [et_pb_line_break_holder] --><!-- [et_pb_line_break_holder] -->.slick-next:before {<!-- [et_pb_line_break_holder] -->    font-family: ETmodules !important;<!-- [et_pb_line_break_holder] -->    font-weight: 400 !important;<!-- [et_pb_line_break_holder] -->    content: '5' !important;<!-- [et_pb_line_break_holder] -->    color: #666 !important;<!-- [et_pb_line_break_holder] -->    font-size: 30px !important;<!-- [et_pb_line_break_holder] -->}<!-- [et_pb_line_break_holder] -->  <!-- [et_pb_line_break_holder] -->.references-slider .slick-prev {<!-- [et_pb_line_break_holder] -->    left: 30px !important;<!-- [et_pb_line_break_holder] -->}<!-- [et_pb_line_break_holder] -->.references-slider .slick-next {<!-- [et_pb_line_break_holder] -->    right: 30px !important;<!-- [et_pb_line_break_holder] -->}<!-- [et_pb_line_break_holder] -->.slick-prev:before, .slick-next:before {<!-- [et_pb_line_break_holder] -->    color: #37b59e;<!-- [et_pb_line_break_holder] -->    font-size: 40px;<!-- [et_pb_line_break_holder] -->}<!-- [et_pb_line_break_holder] -->  .slick-prev, .slick-next {<!-- [et_pb_line_break_holder] -->    z-index: 500;<!-- [et_pb_line_break_holder] -->}<!-- [et_pb_line_break_holder] -->.slick-dots li button:before {<!-- [et_pb_line_break_holder] -->    font-size: 20px !important;<!-- [et_pb_line_break_holder] -->}<!-- [et_pb_line_break_holder] --><\/style>\n<p>[\/et_pb_code][et_pb_text _builder_version=&#8221;4.23.1&#8243; _module_preset=&#8221;default&#8221; global_colors_info=&#8221;{}&#8221;]<\/p>\n<h2>Our expertise<\/h2>\n<p>At the Center for Digital Development, we always strive to promote groundbreaking research and innovative solutions to the challenges of digital transformation. Our current publications cover a wide range of topics, including artificial intelligence in government, cybersecurity, data management and much more. These publications provide valuable insights and practical applications for professionals, academics and anyone interested in the latest trends and developments in the digital world.  <\/p>\n<p>[\/et_pb_text][et_pb_button button_url=&#8221;https:\/\/zde-akademie.de\/publikationen\/&#8221; button_text=&#8221;Discover all publications&#8221; _builder_version=&#8221;4.27.4&#8243; _module_preset=&#8221;9479d7fe-fdb8-4ad0-8af2-df784cf9a106&#8243; custom_margin_last_edited=&#8221;off|desktop&#8221; custom_padding_last_edited=&#8221;off|desktop&#8221; global_colors_info=&#8221;{}&#8221;][\/et_pb_button][\/et_pb_column][et_pb_column type=&#8221;1_2&#8243; _builder_version=&#8221;4.27.4&#8243; _module_preset=&#8221;default&#8221; custom_css_free_form=&#8221;selector {||  position: relative;||}&#8221; global_colors_info=&#8221;{}&#8221;][et_pb_image src=&#8221;https:\/\/digitaleentwicklung.de\/wp-content\/uploads\/2025\/04\/Annex-3_DE-national-analysis_D.1.1.1_Seite_1.png&#8221; _builder_version=&#8221;4.27.4&#8243; _module_preset=&#8221;default&#8221; transform_rotate=&#8221;0deg|0deg|355deg&#8221; positioning=&#8221;relative&#8221; width=&#8221;250px&#8221; border_radii=&#8221;on|5px|5px|5px|5px&#8221; box_shadow_style=&#8221;preset1&#8243; global_colors_info=&#8221;{}&#8221;][\/et_pb_image][et_pb_image src=&#8221;https:\/\/digitaleentwicklung.de\/wp-content\/uploads\/2025\/04\/Annex-3_DE-national-analysis_D.1.1.1_Seite_2.png&#8221; _builder_version=&#8221;4.27.4&#8243; _module_preset=&#8221;default&#8221; positioning=&#8221;absolute&#8221; vertical_offset=&#8221;15px&#8221; horizontal_offset=&#8221;80px&#8221; z_index=&#8221;-1&#8243; width=&#8221;250px&#8221; custom_css_free_form=&#8221;selector {||  position: absolute;||  top: 0;||  left: 0;||}&#8221; border_radii=&#8221;on|5px|5px|5px|5px&#8221; box_shadow_style=&#8221;preset1&#8243; global_colors_info=&#8221;{}&#8221;][\/et_pb_image][et_pb_image src=&#8221;https:\/\/digitaleentwicklung.de\/wp-content\/uploads\/2025\/04\/Annex-3_DE-national-analysis_D.1.1.1_Seite_3.png&#8221; _builder_version=&#8221;4.27.4&#8243; _module_preset=&#8221;default&#8221; transform_rotate=&#8221;0deg|0deg|5deg&#8221; positioning=&#8221;absolute&#8221; vertical_offset=&#8221;35px&#8221; horizontal_offset=&#8221;160px&#8221; z_index=&#8221;-2&#8243; width=&#8221;250px&#8221; border_radii=&#8221;on|5px|5px|5px|5px&#8221; box_shadow_style=&#8221;preset1&#8243; global_colors_info=&#8221;{}&#8221;][\/et_pb_image][et_pb_text _builder_version=&#8221;4.27.4&#8243; _module_preset=&#8221;default&#8221; custom_margin=&#8221;80px|0px||0px|false|false&#8221; custom_padding=&#8221;0%|0%|0%|0%|false|true&#8221; global_colors_info=&#8221;{}&#8221;]<\/p>\n<p><span>What does the German smart city ecosystem look like from a European perspective? A possible answer is provided <g id=\"gid_0\"><g id=\"gid_1\">by the report of the EU-funded INTERREG project &#8220;PilotInnCities&#8221;,<\/g><\/g> which you can download here. It contains a status quo analysis, a relevance benchmarking of the most common smart city dimensions, a SWOT analysis and a detailed mapping of the German stakeholder landscape.  <\/span><\/p>\n<p>[\/et_pb_text][\/et_pb_column][\/et_pb_row][\/et_pb_section][et_pb_section fb_built=&#8221;1&#8243; _builder_version=&#8221;4.27.3&#8243; _module_preset=&#8221;default&#8221; background_image=&#8221;https:\/\/digitaleentwicklung.de\/wp-content\/uploads\/2024\/07\/balken-unten-rechts-2.png&#8221; background_size=&#8221;custom&#8221; background_image_height=&#8221;53%&#8221; background_position=&#8221;top_left&#8221; background_last_edited=&#8221;on|phone&#8221; background_image_height_phone=&#8221;12%&#8221; global_colors_info=&#8221;{}&#8221;][et_pb_row column_structure=&#8221;1_2,1_2&#8243; use_custom_gutter=&#8221;on&#8221; gutter_width=&#8221;4&#8243; _builder_version=&#8221;4.23.1&#8243; _module_preset=&#8221;default&#8221; max_width=&#8221;1080px&#8221; global_colors_info=&#8221;{}&#8221;][et_pb_column type=&#8221;1_2&#8243; _builder_version=&#8221;4.23.1&#8243; _module_preset=&#8221;default&#8221; global_colors_info=&#8221;{}&#8221;][et_pb_image src=&#8221;https:\/\/digitaleentwicklung.de\/wp-content\/uploads\/2023\/09\/Campus-e1695125338669.png&#8221; _builder_version=&#8221;4.27.4&#8243; _module_preset=&#8221;default&#8221; custom_css_free_form=&#8221;selector img {||  aspect-ratio: 16\/9;||  object-fit: cover;||}&#8221; border_radii=&#8221;on|5px|5px|5px|5px&#8221; box_shadow_style=&#8221;preset1&#8243; global_colors_info=&#8221;{}&#8221;][\/et_pb_image][et_pb_text _builder_version=&#8221;4.27.4&#8243; _module_preset=&#8221;default&#8221; global_colors_info=&#8221;{}&#8221;]<\/p>\n<h2>Our Smart City Campus<\/h2>\n<p>Immerse yourself in the fascinating world of smart city technologies on our campus, <strong>discover innovative solutions for the cities of the future and understand their application correctly<\/strong>. With our experienced team of experts, we strive to drive digital development and <g id=\"gid_1\">improve the quality of life in urban areas<\/g>. <strong>Let&#8217;s explore the possibilities of digital transformation<\/strong> together and shape the future.  <\/p>\n<p>[\/et_pb_text][et_pb_button button_url=&#8221;@ET-DC@eyJkeW5hbWljIjp0cnVlLCJjb250ZW50IjoicG9zdF9saW5rX3VybF9wYWdlIiwic2V0dGluZ3MiOnsicG9zdF9pZCI6IjY5NzYiLCJlbmFibGVfaHRtbCI6Im9mZiJ9fQ==@&#8221; button_text=&#8221;Discover Smart City Campus&#8221; _builder_version=&#8221;4.27.4&#8243; _dynamic_attributes=&#8221;button_url&#8221; _module_preset=&#8221;default&#8221; custom_margin_tablet=&#8221;&#8221; custom_margin_phone=&#8221;&#8221; custom_margin_last_edited=&#8221;on|tablet&#8221; global_colors_info=&#8221;{}&#8221;][\/et_pb_button][\/et_pb_column][et_pb_column type=&#8221;1_2&#8243; _builder_version=&#8221;4.23.1&#8243; _module_preset=&#8221;default&#8221; global_colors_info=&#8221;{}&#8221;][et_pb_image src=&#8221;https:\/\/digitaleentwicklung.de\/wp-content\/uploads\/2024\/07\/Portraits_GEOData_Juni_2024-68-scaled.jpg&#8221; _builder_version=&#8221;4.27.4&#8243; _module_preset=&#8221;default&#8221; custom_css_free_form=&#8221;selector img {||  aspect-ratio: 16\/9;||  object-fit: cover;||}&#8221; border_radii=&#8221;on|5px|5px|5px|5px&#8221; box_shadow_style=&#8221;preset1&#8243; global_colors_info=&#8221;{}&#8221;][\/et_pb_image][et_pb_text _builder_version=&#8221;4.23.1&#8243; _module_preset=&#8221;default&#8221; global_colors_info=&#8221;{}&#8221;]<\/p>\n<h2>Our team<\/h2>\n<p>Our team of experts has <strong>many years of experience and extensive expertise<\/strong> in the areas of smart city strategy, infrastructure, neighborhoods of the future, 5G campus networks and much more. We are <strong>passionate about developing innovative solutions<\/strong> that drive digital development and make cities more livable. Let&#8217;s shape the future together and <strong>fully exploit the possibilities of digital transformation<\/strong>.  <\/p>\n<p>[\/et_pb_text][et_pb_button button_url=&#8221;@ET-DC@eyJkeW5hbWljIjp0cnVlLCJjb250ZW50IjoicG9zdF9saW5rX3VybF9wYWdlIiwic2V0dGluZ3MiOnsicG9zdF9pZCI6IjE5Njc5IiwiZW5hYmxlX2h0bWwiOiJvZmYifX0=@&#8221; button_text=&#8221;Meet our team&#8221; _builder_version=&#8221;4.27.4&#8243; _dynamic_attributes=&#8221;button_url&#8221; _module_preset=&#8221;default&#8221; global_colors_info=&#8221;{}&#8221;][\/et_pb_button][\/et_pb_column][\/et_pb_row][\/et_pb_section][et_pb_section fb_built=&#8221;1&#8243; _builder_version=&#8221;4.23.1&#8243; _module_preset=&#8221;default&#8221; background_color=&#8221;#EDEDED&#8221; global_colors_info=&#8221;{}&#8221;][et_pb_row _builder_version=&#8221;4.23.1&#8243; _module_preset=&#8221;default&#8221; max_width=&#8221;1080px&#8221; global_colors_info=&#8221;{}&#8221;][et_pb_column type=&#8221;4_4&#8243; _builder_version=&#8221;4.23.1&#8243; _module_preset=&#8221;default&#8221; global_colors_info=&#8221;{}&#8221;][et_pb_text _builder_version=&#8221;4.23.1&#8243; _module_preset=&#8221;9d26ba54-e944-47c6-b00f-14cfb90a3ca2&#8243; global_colors_info=&#8221;{}&#8221;]<\/p>\n<h2>Our strong partners<\/h2>\n<p>We are proud of our strong and diverse partner network. Discover more about our group of companies, our partner network and how we are shaping a sustainable digital transformation together on our website. <\/p>\n<p>[\/et_pb_text][\/et_pb_column][\/et_pb_row][et_pb_row disabled_on=&#8221;off|off|off&#8221; _builder_version=&#8221;4.27.4&#8243; _module_preset=&#8221;default&#8221; background_color=&#8221;#FFFFFF&#8221; max_width=&#8221;1280px&#8221; custom_margin=&#8221;||||false|false&#8221; custom_padding=&#8221;|24px||24px|false|false&#8221; border_radii=&#8221;on|5px|5px|5px|5px&#8221; box_shadow_style=&#8221;preset1&#8243; global_colors_info=&#8221;{}&#8221;][et_pb_column type=&#8221;4_4&#8243; _builder_version=&#8221;4.23.1&#8243; _module_preset=&#8221;default&#8221; global_colors_info=&#8221;{}&#8221;][et_pb_text _builder_version=&#8221;4.27.4&#8243; _module_preset=&#8221;default&#8221; custom_margin=&#8221;||-6px||false|false&#8221; custom_padding=&#8221;||||false|false&#8221; global_colors_info=&#8221;{}&#8221;]<\/p>\n<h3>Associations &amp; Initiatives<\/h3>\n<p>[\/et_pb_text][et_pb_image src=&#8221;https:\/\/digitaleentwicklung.de\/wp-content\/uploads\/2025\/04\/Vorlage-\u2013-HEADER-Mail-Landingpage-Teams-und-Akademie-Seite-e1743507121748.png&#8221; show_bottom_space=&#8221;off&#8221; _builder_version=&#8221;4.27.4&#8243; _module_preset=&#8221;default&#8221; background_color=&#8221;#FFFFFF&#8221; custom_margin=&#8221;||10px||false|false&#8221; global_colors_info=&#8221;{}&#8221;][\/et_pb_image][et_pb_text _builder_version=&#8221;4.27.4&#8243; _module_preset=&#8221;default&#8221; custom_margin=&#8221;||-1px||false|false&#8221; custom_padding=&#8221;||||false|false&#8221; global_colors_info=&#8221;{}&#8221;]<\/p>\n<h3>Network partners<\/h3>\n<p>[\/et_pb_text][et_pb_text _builder_version=&#8221;4.27.4&#8243; _module_preset=&#8221;default&#8221; global_colors_info=&#8221;{}&#8221;]<\/p>\n<p>With our extensive network of strong partners, we can confidently offer our clients not only consulting services but also related services from a single source. In addition, ZDE is actively involved in numerous associations and initiatives \u2013 at regional, national, and even European levels, for example within the framework of the Erasmus program. This is how we purposefully contribute our expertise to key networks and actively help shape the digital transformation.<br data-start=\"554\" data-end=\"557\">Click below to discover our partners and learn more about our collaborations.<\/p>\n<p>[\/et_pb_text][\/et_pb_column][\/et_pb_row][et_pb_row column_structure=&#8221;1_2,1_2&#8243; make_equal=&#8221;on&#8221; disabled_on=&#8221;off|off|off&#8221; _builder_version=&#8221;4.27.4&#8243; _module_preset=&#8221;default&#8221; max_width=&#8221;1280px&#8221; global_colors_info=&#8221;{}&#8221;][et_pb_column type=&#8221;1_2&#8243; _builder_version=&#8221;4.27.4&#8243; _module_preset=&#8221;default&#8221; background_color=&#8221;#FFFFFF&#8221; custom_padding=&#8221;20px|20px|20px|20px|true|true&#8221; custom_css_main_element=&#8221;display: flex;||flex-direction: column;||justify-content: flex-start;&#8221; border_radii=&#8221;on|5px|5px|5px|5px&#8221; box_shadow_style=&#8221;preset1&#8243; global_colors_info=&#8221;{}&#8221;][et_pb_image src=&#8221;https:\/\/digitaleentwicklung.de\/wp-content\/uploads\/2024\/06\/Logo_CMYK_Logo_Claim_bunt.png&#8221; title_text=&#8221;GEO DIGITAL Logo&#8221; show_bottom_space=&#8221;off&#8221; _builder_version=&#8221;4.27.4&#8243; _module_preset=&#8221;default&#8221; background_color=&#8221;#FFFFFF&#8221; custom_margin=&#8221;||10px||false|false&#8221; custom_css_free_form=&#8221;selector img {||  aspect-ratio: 2;||  object-fit: contain;||}&#8221; global_colors_info=&#8221;{}&#8221;][\/et_pb_image][et_pb_text _builder_version=&#8221;4.27.4&#8243; _module_preset=&#8221;default&#8221; global_colors_info=&#8221;{}&#8221;]<\/p>\n<p>Under the umbrella brand <strong>GEO. DIGITAL<\/strong> , the companies of the group of companies are joining forces to actively shape the digital future. <em>GEO. DIGITAL<\/em> stands for the close interlocking of humanity and innovation in order to shape the digital future in a sustainable and livable way.<\/p>\n<p>[\/et_pb_text][et_pb_button button_url=&#8221;https:\/\/geo-digital.group\/&#8221; url_new_window=&#8221;on&#8221; button_text=&#8221;Get to know GEO.DIGITAL&#8221; button_alignment=&#8221;center&#8221; _builder_version=&#8221;4.27.4&#8243; _module_preset=&#8221;default&#8221; custom_margin=&#8221;15px|0px||0px|false|true&#8221; global_colors_info=&#8221;{}&#8221;][\/et_pb_button][\/et_pb_column][et_pb_column type=&#8221;1_2&#8243; _builder_version=&#8221;4.23.1&#8243; _module_preset=&#8221;default&#8221; background_color=&#8221;#FFFFFF&#8221; custom_padding=&#8221;20px|20px|20px|20px|true|true&#8221; border_radii=&#8221;on|5px|5px|5px|5px&#8221; box_shadow_style=&#8221;preset1&#8243; global_colors_info=&#8221;{}&#8221;][et_pb_image src=&#8221;https:\/\/digitaleentwicklung.de\/wp-content\/uploads\/2025\/03\/PilotInnCities-RGB-Alpha-3.png&#8221; title_text=&#8221;PilotInnCities (RGB Alpha) (3)&#8221; show_bottom_space=&#8221;off&#8221; _builder_version=&#8221;4.27.4&#8243; _module_preset=&#8221;default&#8221; background_color=&#8221;#FFFFFF&#8221; custom_margin=&#8221;||10px||false|false&#8221; custom_css_free_form=&#8221;selector img {||  aspect-ratio: 2;||  object-fit: contain;||}&#8221; global_colors_info=&#8221;{}&#8221;][\/et_pb_image][et_pb_text _builder_version=&#8221;4.27.4&#8243; _module_preset=&#8221;default&#8221; global_colors_info=&#8221;{}&#8221;]<\/p>\n<p><span>The Center for Digital Development is a strategic partner in the EU-funded Interreg Danube project, which is led by the Czech Ministry of Economy. Ten partners from different countries work together to create innovative partnerships between companies, universities, municipalities and civil society.   <\/span><\/p>\n<p>[\/et_pb_text][et_pb_button button_url=&#8221;@ET-DC@eyJkeW5hbWljIjp0cnVlLCJjb250ZW50IjoicG9zdF9saW5rX3VybF9wYWdlIiwic2V0dGluZ3MiOnsicG9zdF9pZCI6IjIwNjQyIiwiZW5hYmxlX2h0bWwiOiJvZmYifX0=@&#8221; url_new_window=&#8221;on&#8221; button_text=&#8221;Discover more&#8221; button_alignment=&#8221;center&#8221; _builder_version=&#8221;4.27.4&#8243; _dynamic_attributes=&#8221;button_url&#8221; _module_preset=&#8221;default&#8221; global_colors_info=&#8221;{}&#8221;][\/et_pb_button][\/et_pb_column][\/et_pb_row][\/et_pb_section][et_pb_section fb_built=&#8221;1&#8243; _builder_version=&#8221;4.23.1&#8243; _module_preset=&#8221;default&#8221; global_colors_info=&#8221;{}&#8221;][et_pb_row _builder_version=&#8221;4.23.1&#8243; _module_preset=&#8221;default&#8221; max_width=&#8221;1080px&#8221; global_colors_info=&#8221;{}&#8221;][et_pb_column type=&#8221;4_4&#8243; _builder_version=&#8221;4.23.1&#8243; _module_preset=&#8221;default&#8221; global_colors_info=&#8221;{}&#8221;][et_pb_text _builder_version=&#8221;4.27.4&#8243; _module_preset=&#8221;9d26ba54-e944-47c6-b00f-14cfb90a3ca2&#8243; global_colors_info=&#8221;{}&#8221;]<\/p>\n<h2 style=\"text-align: center;\">News from us<\/h2>\n<p style=\"text-align: center;\">Learn the latest developments from the digital world directly from our experts. We regularly share updates, insights and background information on our current projects, technologies and important events at the Center for Digital Development on various media. <\/p>\n<p>[\/et_pb_text][\/et_pb_column][\/et_pb_row][et_pb_row column_structure=&#8221;1_2,1_2&#8243; _builder_version=&#8221;4.23.1&#8243; _module_preset=&#8221;default&#8221; max_width=&#8221;1080px&#8221; global_colors_info=&#8221;{}&#8221;][et_pb_column type=&#8221;1_2&#8243; _builder_version=&#8221;4.23.1&#8243; _module_preset=&#8221;default&#8221; global_colors_info=&#8221;{}&#8221;][et_pb_text _builder_version=&#8221;4.27.4&#8243; _module_preset=&#8221;default&#8221; global_colors_info=&#8221;{}&#8221;]<\/p>\n<h3>Our news blog<\/h3>\n<p>Discover the latest developments and insights from the digital world. Our experts share current topics, trends and innovations in detail here. Have fun reading!  <\/p>\n<p>[\/et_pb_text][et_pb_blog fullwidth=&#8221;off&#8221; posts_number=&#8221;3&#8243; include_categories=&#8221;8&#8243; meta_date=&#8221;d. F Y&#8221; show_categories=&#8221;off&#8221; show_pagination=&#8221;off&#8221; _builder_version=&#8221;4.27.4&#8243; _module_preset=&#8221;default&#8221; read_more_font=&#8221;||||||||&#8221; border_radii=&#8221;on|5px|5px|5px|5px&#8221; box_shadow_style=&#8221;preset1&#8243; locked=&#8221;off&#8221; global_colors_info=&#8221;{}&#8221;][\/et_pb_blog][\/et_pb_column][et_pb_column type=&#8221;1_2&#8243; _builder_version=&#8221;4.23.1&#8243; _module_preset=&#8221;default&#8221; global_colors_info=&#8221;{}&#8221;][et_pb_text _builder_version=&#8221;4.23.1&#8243; _module_preset=&#8221;default&#8221; global_colors_info=&#8221;{}&#8221;]<\/p>\n<h3>Our Instagram<\/h3>\n<p>Follow us on Instagram for the latest updates, exciting insights and visual highlights from the digital world. Stay informed and inspired! <\/p>\n<p>[\/et_pb_text][et_pb_code _builder_version=&#8221;4.23.1&#8243; _module_preset=&#8221;default&#8221; global_colors_info=&#8221;{}&#8221;]\n<div id=\"sb_instagram\"  class=\"sbi sbi_mob_col_1 sbi_tab_col_2 sbi_col_3 sbi_width_resp\" style=\"padding-bottom: 8px;\"\t data-feedid=\"*1\"  data-res=\"auto\" data-cols=\"3\" data-colsmobile=\"1\" data-colstablet=\"2\" data-num=\"6\" data-nummobile=\"4\" data-item-padding=\"4\"\t data-shortcode-atts=\"{&quot;feed&quot;:&quot;1&quot;,&quot;cachetime&quot;:30}\"  data-postid=\"19592\" data-locatornonce=\"6a94961282\" data-imageaspectratio=\"1:1\" data-sbi-flags=\"favorLocal,gdpr\">\n\t<div class=\"sb_instagram_header  sbi_medium\"   >\n\t<a class=\"sbi_header_link\" target=\"_blank\"\n\t   rel=\"nofollow noopener\" href=\"https:\/\/www.instagram.com\/zde_gmbh\/\" title=\"@zde_gmbh\">\n\t\t<div class=\"sbi_header_text\">\n\t\t\t<div class=\"sbi_header_img\"  data-avatar-url=\"https:\/\/scontent-fra3-2.xx.fbcdn.net\/v\/t51.2885-15\/339329604_259477693101235_2375143573397048157_n.jpg?_nc_cat=104&amp;ccb=1-7&amp;_nc_sid=7d201b&amp;_nc_ohc=6xR_P7cKfRsQ7kNvwGT99H8&amp;_nc_oc=AdkpWTql2hsCOn0PdLyuHbIyeiQRUJjy0mPgomKZe4-lAoViMqLfd2g0xBbBeNK3kYc&amp;_nc_zt=23&amp;_nc_ht=scontent-fra3-2.xx&amp;edm=AL-3X8kEAAAA&amp;oh=00_AfsjnvDbAWnM6fT6FgMGVMXFd2klPMAGtazIZg7ETO1JjA&amp;oe=69A5CC9C\">\n\t\t\t\t\t\t\t\t\t<div class=\"sbi_header_img_hover\"  ><svg class=\"sbi_new_logo fa-instagram fa-w-14\" aria-hidden=\"true\" data-fa-processed=\"\" aria-label=\"Instagram\" data-prefix=\"fab\" data-icon=\"instagram\" role=\"img\" viewBox=\"0 0 448 512\">\n                    <path fill=\"currentColor\" d=\"M224.1 141c-63.6 0-114.9 51.3-114.9 114.9s51.3 114.9 114.9 114.9S339 319.5 339 255.9 287.7 141 224.1 141zm0 189.6c-41.1 0-74.7-33.5-74.7-74.7s33.5-74.7 74.7-74.7 74.7 33.5 74.7 74.7-33.6 74.7-74.7 74.7zm146.4-194.3c0 14.9-12 26.8-26.8 26.8-14.9 0-26.8-12-26.8-26.8s12-26.8 26.8-26.8 26.8 12 26.8 26.8zm76.1 27.2c-1.7-35.9-9.9-67.7-36.2-93.9-26.2-26.2-58-34.4-93.9-36.2-37-2.1-147.9-2.1-184.9 0-35.8 1.7-67.6 9.9-93.9 36.1s-34.4 58-36.2 93.9c-2.1 37-2.1 147.9 0 184.9 1.7 35.9 9.9 67.7 36.2 93.9s58 34.4 93.9 36.2c37 2.1 147.9 2.1 184.9 0 35.9-1.7 67.7-9.9 93.9-36.2 26.2-26.2 34.4-58 36.2-93.9 2.1-37 2.1-147.8 0-184.8zM398.8 388c-7.8 19.6-22.9 34.7-42.6 42.6-29.5 11.7-99.5 9-132.1 9s-102.7 2.6-132.1-9c-19.6-7.8-34.7-22.9-42.6-42.6-11.7-29.5-9-99.5-9-132.1s-2.6-102.7 9-132.1c7.8-19.6 22.9-34.7 42.6-42.6 29.5-11.7 99.5-9 132.1-9s102.7-2.6 132.1 9c19.6 7.8 34.7 22.9 42.6 42.6 11.7 29.5 9 99.5 9 132.1s2.7 102.7-9 132.1z\"><\/path>\n                <\/svg><\/div>\n\t\t\t\t\t<img decoding=\"async\"  src=\"https:\/\/digitaleentwicklung.de\/wp-content\/uploads\/sb-instagram-feed-images\/zde_gmbh.webp\" alt=\"\" width=\"50\" height=\"50\">\n\t\t\t\t\n\t\t\t\t\t\t\t<\/div>\n\n\t\t\t<div class=\"sbi_feedtheme_header_text\">\n\t\t\t\t<h3>zde_gmbh<\/h3>\n\t\t\t\t\t\t\t\t\t<p class=\"sbi_bio\">Wir begleiten und verbinden smarte Regionen \u2728<br>\n\ud83c\udf93 ZDE AKADEMIE <br>\n\ud83d\udcc4 WHITEPAPER | 5G Campusnetze \u2199\ufe0f<\/p>\n\t\t\t\t\t\t\t<\/div>\n\t\t<\/div>\n\t<\/a>\n<\/div>\n\n\t<div id=\"sbi_images\"  style=\"gap: 8px;\">\n\t\t<div class=\"sbi_item sbi_type_carousel sbi_new sbi_transition\"\n\tid=\"sbi_18071293151553828\" data-date=\"1771929908\">\n\t<div class=\"sbi_photo_wrap\">\n\t\t<a class=\"sbi_photo\" href=\"https:\/\/www.instagram.com\/p\/DVI0U7mAdoo\/\" target=\"_blank\" rel=\"noopener nofollow\"\n\t\t\tdata-full-res=\"https:\/\/scontent-fra5-2.cdninstagram.com\/v\/t39.30808-6\/639907421_1713011710153903_7786505372347093934_n.jpg?stp=dst-jpg_e35_tt6&#038;_nc_cat=106&#038;ccb=7-5&#038;_nc_sid=18de74&#038;efg=eyJlZmdfdGFnIjoiQ0FST1VTRUxfSVRFTS5iZXN0X2ltYWdlX3VybGdlbi5DMyJ9&#038;_nc_ohc=pbq94S0gjuoQ7kNvwFB-zhr&#038;_nc_oc=AdlS6obJlSZ0QlasC6DED9QMSzj58GsK20Vp7VOU3qa5Au1pbF35mxucWSljK_5cWi4&#038;_nc_zt=23&#038;_nc_ht=scontent-fra5-2.cdninstagram.com&#038;edm=AM6HXa8EAAAA&#038;_nc_gid=4Nd76tX8TQljZanlVi-Gpw&#038;oh=00_AfvvJVUdOfNX2YaLUTnjt5XJ1J9uzigIeSjEACFXze7QWw&#038;oe=69A5D7F0\"\n\t\t\tdata-img-src-set=\"{&quot;d&quot;:&quot;https:\\\/\\\/scontent-fra5-2.cdninstagram.com\\\/v\\\/t39.30808-6\\\/639907421_1713011710153903_7786505372347093934_n.jpg?stp=dst-jpg_e35_tt6&amp;_nc_cat=106&amp;ccb=7-5&amp;_nc_sid=18de74&amp;efg=eyJlZmdfdGFnIjoiQ0FST1VTRUxfSVRFTS5iZXN0X2ltYWdlX3VybGdlbi5DMyJ9&amp;_nc_ohc=pbq94S0gjuoQ7kNvwFB-zhr&amp;_nc_oc=AdlS6obJlSZ0QlasC6DED9QMSzj58GsK20Vp7VOU3qa5Au1pbF35mxucWSljK_5cWi4&amp;_nc_zt=23&amp;_nc_ht=scontent-fra5-2.cdninstagram.com&amp;edm=AM6HXa8EAAAA&amp;_nc_gid=4Nd76tX8TQljZanlVi-Gpw&amp;oh=00_AfvvJVUdOfNX2YaLUTnjt5XJ1J9uzigIeSjEACFXze7QWw&amp;oe=69A5D7F0&quot;,&quot;150&quot;:&quot;https:\\\/\\\/scontent-fra5-2.cdninstagram.com\\\/v\\\/t39.30808-6\\\/639907421_1713011710153903_7786505372347093934_n.jpg?stp=dst-jpg_e35_tt6&amp;_nc_cat=106&amp;ccb=7-5&amp;_nc_sid=18de74&amp;efg=eyJlZmdfdGFnIjoiQ0FST1VTRUxfSVRFTS5iZXN0X2ltYWdlX3VybGdlbi5DMyJ9&amp;_nc_ohc=pbq94S0gjuoQ7kNvwFB-zhr&amp;_nc_oc=AdlS6obJlSZ0QlasC6DED9QMSzj58GsK20Vp7VOU3qa5Au1pbF35mxucWSljK_5cWi4&amp;_nc_zt=23&amp;_nc_ht=scontent-fra5-2.cdninstagram.com&amp;edm=AM6HXa8EAAAA&amp;_nc_gid=4Nd76tX8TQljZanlVi-Gpw&amp;oh=00_AfvvJVUdOfNX2YaLUTnjt5XJ1J9uzigIeSjEACFXze7QWw&amp;oe=69A5D7F0&quot;,&quot;320&quot;:&quot;https:\\\/\\\/scontent-fra5-2.cdninstagram.com\\\/v\\\/t39.30808-6\\\/639907421_1713011710153903_7786505372347093934_n.jpg?stp=dst-jpg_e35_tt6&amp;_nc_cat=106&amp;ccb=7-5&amp;_nc_sid=18de74&amp;efg=eyJlZmdfdGFnIjoiQ0FST1VTRUxfSVRFTS5iZXN0X2ltYWdlX3VybGdlbi5DMyJ9&amp;_nc_ohc=pbq94S0gjuoQ7kNvwFB-zhr&amp;_nc_oc=AdlS6obJlSZ0QlasC6DED9QMSzj58GsK20Vp7VOU3qa5Au1pbF35mxucWSljK_5cWi4&amp;_nc_zt=23&amp;_nc_ht=scontent-fra5-2.cdninstagram.com&amp;edm=AM6HXa8EAAAA&amp;_nc_gid=4Nd76tX8TQljZanlVi-Gpw&amp;oh=00_AfvvJVUdOfNX2YaLUTnjt5XJ1J9uzigIeSjEACFXze7QWw&amp;oe=69A5D7F0&quot;,&quot;640&quot;:&quot;https:\\\/\\\/scontent-fra5-2.cdninstagram.com\\\/v\\\/t39.30808-6\\\/639907421_1713011710153903_7786505372347093934_n.jpg?stp=dst-jpg_e35_tt6&amp;_nc_cat=106&amp;ccb=7-5&amp;_nc_sid=18de74&amp;efg=eyJlZmdfdGFnIjoiQ0FST1VTRUxfSVRFTS5iZXN0X2ltYWdlX3VybGdlbi5DMyJ9&amp;_nc_ohc=pbq94S0gjuoQ7kNvwFB-zhr&amp;_nc_oc=AdlS6obJlSZ0QlasC6DED9QMSzj58GsK20Vp7VOU3qa5Au1pbF35mxucWSljK_5cWi4&amp;_nc_zt=23&amp;_nc_ht=scontent-fra5-2.cdninstagram.com&amp;edm=AM6HXa8EAAAA&amp;_nc_gid=4Nd76tX8TQljZanlVi-Gpw&amp;oh=00_AfvvJVUdOfNX2YaLUTnjt5XJ1J9uzigIeSjEACFXze7QWw&amp;oe=69A5D7F0&quot;}\">\n\t\t\t<span class=\"sbi-screenreader\">Ein Ziel. Verschiedene Wege.\n\nStrategie entwickeln<\/span>\n\t\t\t<svg class=\"svg-inline--fa fa-clone fa-w-16 sbi_lightbox_carousel_icon\" aria-hidden=\"true\" aria-label=\"Clone\" data-fa-pro\u0192cessed=\"\" data-prefix=\"far\" data-icon=\"clone\" role=\"img\" xmlns=\"http:\/\/www.w3.org\/2000\/svg\" viewBox=\"0 0 512 512\">\n                    <path fill=\"currentColor\" d=\"M464 0H144c-26.51 0-48 21.49-48 48v48H48c-26.51 0-48 21.49-48 48v320c0 26.51 21.49 48 48 48h320c26.51 0 48-21.49 48-48v-48h48c26.51 0 48-21.49 48-48V48c0-26.51-21.49-48-48-48zM362 464H54a6 6 0 0 1-6-6V150a6 6 0 0 1 6-6h42v224c0 26.51 21.49 48 48 48h224v42a6 6 0 0 1-6 6zm96-96H150a6 6 0 0 1-6-6V54a6 6 0 0 1 6-6h308a6 6 0 0 1 6 6v308a6 6 0 0 1-6 6z\"><\/path>\n                <\/svg>\t\t\t\t\t\t<img decoding=\"async\" src=\"https:\/\/digitaleentwicklung.de\/wp-content\/plugins\/instagram-feed\/img\/placeholder.png\" alt=\"Ein Ziel. Verschiedene Wege.\n\nStrategie entwickeln oder Projekte umsetzen?\nBeides ist entscheidend f\u00fcr erfolgreiche Smart-City-Arbeit.\n\n\ud83c\udf93 Smart City Expert (IHK)\n\u2192 F\u00fcr Strategie &amp; F\u00fchrung\n\n\ud83d\udee0 Smart City Praktiker\n\u2192 F\u00fcr operative Umsetzung &amp; Praxis\n\nWelcher Weg passt zu dir oder deinem Team?\n\n\ud83d\udc49 Infos &amp; Austausch \u00fcber den Link in der BIO.\n\n#smartcity  #weiterbildung  #kommunen  #digitalisierung\" aria-hidden=\"true\">\n\t\t<\/a>\n\t<\/div>\n<\/div><div class=\"sbi_item sbi_type_carousel sbi_new sbi_transition\"\n\tid=\"sbi_17986137053786215\" data-date=\"1771582536\">\n\t<div class=\"sbi_photo_wrap\">\n\t\t<a class=\"sbi_photo\" href=\"https:\/\/www.instagram.com\/p\/DU-dxHMjVwf\/\" target=\"_blank\" rel=\"noopener nofollow\"\n\t\t\tdata-full-res=\"https:\/\/scontent-fra5-1.cdninstagram.com\/v\/t51.82787-15\/639522274_18094662472973538_6092166875427151690_n.jpg?stp=dst-jpg_e35_tt6&#038;_nc_cat=102&#038;ccb=7-5&#038;_nc_sid=18de74&#038;efg=eyJlZmdfdGFnIjoiQ0FST1VTRUxfSVRFTS5iZXN0X2ltYWdlX3VybGdlbi5DMyJ9&#038;_nc_ohc=65UaLQWuV0AQ7kNvwG3_FA4&#038;_nc_oc=AdkyjZzJFh6x0X--FJCTSeviLAX1SZlFoGQkPWV0CYZ49-AoarPK-EnhWjdADf-mF58&#038;_nc_zt=23&#038;_nc_ht=scontent-fra5-1.cdninstagram.com&#038;edm=AM6HXa8EAAAA&#038;_nc_gid=4Nd76tX8TQljZanlVi-Gpw&#038;oh=00_Afsm13pRLFSeKL_g1nhtxCTo9aNbhN-YPBLK_2lmet1rfg&#038;oe=69A5E778\"\n\t\t\tdata-img-src-set=\"{&quot;d&quot;:&quot;https:\\\/\\\/scontent-fra5-1.cdninstagram.com\\\/v\\\/t51.82787-15\\\/639522274_18094662472973538_6092166875427151690_n.jpg?stp=dst-jpg_e35_tt6&amp;_nc_cat=102&amp;ccb=7-5&amp;_nc_sid=18de74&amp;efg=eyJlZmdfdGFnIjoiQ0FST1VTRUxfSVRFTS5iZXN0X2ltYWdlX3VybGdlbi5DMyJ9&amp;_nc_ohc=65UaLQWuV0AQ7kNvwG3_FA4&amp;_nc_oc=AdkyjZzJFh6x0X--FJCTSeviLAX1SZlFoGQkPWV0CYZ49-AoarPK-EnhWjdADf-mF58&amp;_nc_zt=23&amp;_nc_ht=scontent-fra5-1.cdninstagram.com&amp;edm=AM6HXa8EAAAA&amp;_nc_gid=4Nd76tX8TQljZanlVi-Gpw&amp;oh=00_Afsm13pRLFSeKL_g1nhtxCTo9aNbhN-YPBLK_2lmet1rfg&amp;oe=69A5E778&quot;,&quot;150&quot;:&quot;https:\\\/\\\/scontent-fra5-1.cdninstagram.com\\\/v\\\/t51.82787-15\\\/639522274_18094662472973538_6092166875427151690_n.jpg?stp=dst-jpg_e35_tt6&amp;_nc_cat=102&amp;ccb=7-5&amp;_nc_sid=18de74&amp;efg=eyJlZmdfdGFnIjoiQ0FST1VTRUxfSVRFTS5iZXN0X2ltYWdlX3VybGdlbi5DMyJ9&amp;_nc_ohc=65UaLQWuV0AQ7kNvwG3_FA4&amp;_nc_oc=AdkyjZzJFh6x0X--FJCTSeviLAX1SZlFoGQkPWV0CYZ49-AoarPK-EnhWjdADf-mF58&amp;_nc_zt=23&amp;_nc_ht=scontent-fra5-1.cdninstagram.com&amp;edm=AM6HXa8EAAAA&amp;_nc_gid=4Nd76tX8TQljZanlVi-Gpw&amp;oh=00_Afsm13pRLFSeKL_g1nhtxCTo9aNbhN-YPBLK_2lmet1rfg&amp;oe=69A5E778&quot;,&quot;320&quot;:&quot;https:\\\/\\\/scontent-fra5-1.cdninstagram.com\\\/v\\\/t51.82787-15\\\/639522274_18094662472973538_6092166875427151690_n.jpg?stp=dst-jpg_e35_tt6&amp;_nc_cat=102&amp;ccb=7-5&amp;_nc_sid=18de74&amp;efg=eyJlZmdfdGFnIjoiQ0FST1VTRUxfSVRFTS5iZXN0X2ltYWdlX3VybGdlbi5DMyJ9&amp;_nc_ohc=65UaLQWuV0AQ7kNvwG3_FA4&amp;_nc_oc=AdkyjZzJFh6x0X--FJCTSeviLAX1SZlFoGQkPWV0CYZ49-AoarPK-EnhWjdADf-mF58&amp;_nc_zt=23&amp;_nc_ht=scontent-fra5-1.cdninstagram.com&amp;edm=AM6HXa8EAAAA&amp;_nc_gid=4Nd76tX8TQljZanlVi-Gpw&amp;oh=00_Afsm13pRLFSeKL_g1nhtxCTo9aNbhN-YPBLK_2lmet1rfg&amp;oe=69A5E778&quot;,&quot;640&quot;:&quot;https:\\\/\\\/scontent-fra5-1.cdninstagram.com\\\/v\\\/t51.82787-15\\\/639522274_18094662472973538_6092166875427151690_n.jpg?stp=dst-jpg_e35_tt6&amp;_nc_cat=102&amp;ccb=7-5&amp;_nc_sid=18de74&amp;efg=eyJlZmdfdGFnIjoiQ0FST1VTRUxfSVRFTS5iZXN0X2ltYWdlX3VybGdlbi5DMyJ9&amp;_nc_ohc=65UaLQWuV0AQ7kNvwG3_FA4&amp;_nc_oc=AdkyjZzJFh6x0X--FJCTSeviLAX1SZlFoGQkPWV0CYZ49-AoarPK-EnhWjdADf-mF58&amp;_nc_zt=23&amp;_nc_ht=scontent-fra5-1.cdninstagram.com&amp;edm=AM6HXa8EAAAA&amp;_nc_gid=4Nd76tX8TQljZanlVi-Gpw&amp;oh=00_Afsm13pRLFSeKL_g1nhtxCTo9aNbhN-YPBLK_2lmet1rfg&amp;oe=69A5E778&quot;}\">\n\t\t\t<span class=\"sbi-screenreader\">\ud83c\udf93 Smart City Praktiker | kurz erkl\u00e4rt\n\nDie Strateg<\/span>\n\t\t\t<svg class=\"svg-inline--fa fa-clone fa-w-16 sbi_lightbox_carousel_icon\" aria-hidden=\"true\" aria-label=\"Clone\" data-fa-pro\u0192cessed=\"\" data-prefix=\"far\" data-icon=\"clone\" role=\"img\" xmlns=\"http:\/\/www.w3.org\/2000\/svg\" viewBox=\"0 0 512 512\">\n                    <path fill=\"currentColor\" d=\"M464 0H144c-26.51 0-48 21.49-48 48v48H48c-26.51 0-48 21.49-48 48v320c0 26.51 21.49 48 48 48h320c26.51 0 48-21.49 48-48v-48h48c26.51 0 48-21.49 48-48V48c0-26.51-21.49-48-48-48zM362 464H54a6 6 0 0 1-6-6V150a6 6 0 0 1 6-6h42v224c0 26.51 21.49 48 48 48h224v42a6 6 0 0 1-6 6zm96-96H150a6 6 0 0 1-6-6V54a6 6 0 0 1 6-6h308a6 6 0 0 1 6 6v308a6 6 0 0 1-6 6z\"><\/path>\n                <\/svg>\t\t\t\t\t\t<img decoding=\"async\" src=\"https:\/\/digitaleentwicklung.de\/wp-content\/plugins\/instagram-feed\/img\/placeholder.png\" alt=\"\ud83c\udf93 Smart City Praktiker | kurz erkl\u00e4rt\n\nDie Strategie ist da \u2013 doch wer setzt sie im Alltag um?\nSmart-City-Projekte brauchen Mitarbeitende, die operative Aufgaben sicher \u00fcbernehmen und praxisnah handeln.\n\nDer Smart City Praktiker der ZDE-Akademie richtet sich genau an diese Umsetzenden!\nDer hybride Kurs kombiniert kompaktes Fachwissen mit praktischen \u00dcbungen \u2013 insbesondere in den Bereichen IoT und Sensorik.\n\nDank eines flexiblen Wahlmoduls passt sich der Kurs an unterschiedliche Vorkenntnisse an und eignet sich sowohl f\u00fcr erfahrene Verwaltungsmitarbeitende als auch f\u00fcr Quereinsteiger*innen.\n\n\u27a1\ufe0f Die Slides zeigen kompakt,\nworum es beim Abschluss geht\nund wie er aufgebaut ist.\n\nUnser Anspruch: Kompetenzen vermitteln, die im Alltag wirklich tragen. Die Weiterbildung zum Smart City Praktiker verstehen wir als Investment in umsetzbare F\u00e4higkeiten. Daher setzen wir auf Zeit, zertifizierte Qualit\u00e4t und praxiserfahrene Dozent*innen.\n\n\ud83d\udc49 Erfahrt mehr unter ZDE-Akademie: Link in der BIO\" aria-hidden=\"true\">\n\t\t<\/a>\n\t<\/div>\n<\/div><div class=\"sbi_item sbi_type_carousel sbi_new sbi_transition\"\n\tid=\"sbi_18534746896066815\" data-date=\"1771411818\">\n\t<div class=\"sbi_photo_wrap\">\n\t\t<a class=\"sbi_photo\" href=\"https:\/\/www.instagram.com\/p\/DU5YJjZDehx\/\" target=\"_blank\" rel=\"noopener nofollow\"\n\t\t\tdata-full-res=\"https:\/\/scontent-fra5-2.cdninstagram.com\/v\/t51.82787-15\/639433568_18094476364973538_1847411973985846652_n.jpg?stp=dst-jpg_e35_tt6&#038;_nc_cat=107&#038;ccb=7-5&#038;_nc_sid=18de74&#038;efg=eyJlZmdfdGFnIjoiQ0FST1VTRUxfSVRFTS5iZXN0X2ltYWdlX3VybGdlbi5DMyJ9&#038;_nc_ohc=rlyHyJl7m8cQ7kNvwGkBTv6&#038;_nc_oc=Adl2k_j_KSv2ib8NosXpnBhu3NYKp8pEyBAibKATGdOfA5FhakEmyJA-YgNWxz-fBBg&#038;_nc_zt=23&#038;_nc_ht=scontent-fra5-2.cdninstagram.com&#038;edm=AM6HXa8EAAAA&#038;_nc_gid=4Nd76tX8TQljZanlVi-Gpw&#038;oh=00_AftqMbuLlhephahllz1Jo_29rERd_iY_gUDNHAj7JQ7XYw&#038;oe=69A5E904\"\n\t\t\tdata-img-src-set=\"{&quot;d&quot;:&quot;https:\\\/\\\/scontent-fra5-2.cdninstagram.com\\\/v\\\/t51.82787-15\\\/639433568_18094476364973538_1847411973985846652_n.jpg?stp=dst-jpg_e35_tt6&amp;_nc_cat=107&amp;ccb=7-5&amp;_nc_sid=18de74&amp;efg=eyJlZmdfdGFnIjoiQ0FST1VTRUxfSVRFTS5iZXN0X2ltYWdlX3VybGdlbi5DMyJ9&amp;_nc_ohc=rlyHyJl7m8cQ7kNvwGkBTv6&amp;_nc_oc=Adl2k_j_KSv2ib8NosXpnBhu3NYKp8pEyBAibKATGdOfA5FhakEmyJA-YgNWxz-fBBg&amp;_nc_zt=23&amp;_nc_ht=scontent-fra5-2.cdninstagram.com&amp;edm=AM6HXa8EAAAA&amp;_nc_gid=4Nd76tX8TQljZanlVi-Gpw&amp;oh=00_AftqMbuLlhephahllz1Jo_29rERd_iY_gUDNHAj7JQ7XYw&amp;oe=69A5E904&quot;,&quot;150&quot;:&quot;https:\\\/\\\/scontent-fra5-2.cdninstagram.com\\\/v\\\/t51.82787-15\\\/639433568_18094476364973538_1847411973985846652_n.jpg?stp=dst-jpg_e35_tt6&amp;_nc_cat=107&amp;ccb=7-5&amp;_nc_sid=18de74&amp;efg=eyJlZmdfdGFnIjoiQ0FST1VTRUxfSVRFTS5iZXN0X2ltYWdlX3VybGdlbi5DMyJ9&amp;_nc_ohc=rlyHyJl7m8cQ7kNvwGkBTv6&amp;_nc_oc=Adl2k_j_KSv2ib8NosXpnBhu3NYKp8pEyBAibKATGdOfA5FhakEmyJA-YgNWxz-fBBg&amp;_nc_zt=23&amp;_nc_ht=scontent-fra5-2.cdninstagram.com&amp;edm=AM6HXa8EAAAA&amp;_nc_gid=4Nd76tX8TQljZanlVi-Gpw&amp;oh=00_AftqMbuLlhephahllz1Jo_29rERd_iY_gUDNHAj7JQ7XYw&amp;oe=69A5E904&quot;,&quot;320&quot;:&quot;https:\\\/\\\/scontent-fra5-2.cdninstagram.com\\\/v\\\/t51.82787-15\\\/639433568_18094476364973538_1847411973985846652_n.jpg?stp=dst-jpg_e35_tt6&amp;_nc_cat=107&amp;ccb=7-5&amp;_nc_sid=18de74&amp;efg=eyJlZmdfdGFnIjoiQ0FST1VTRUxfSVRFTS5iZXN0X2ltYWdlX3VybGdlbi5DMyJ9&amp;_nc_ohc=rlyHyJl7m8cQ7kNvwGkBTv6&amp;_nc_oc=Adl2k_j_KSv2ib8NosXpnBhu3NYKp8pEyBAibKATGdOfA5FhakEmyJA-YgNWxz-fBBg&amp;_nc_zt=23&amp;_nc_ht=scontent-fra5-2.cdninstagram.com&amp;edm=AM6HXa8EAAAA&amp;_nc_gid=4Nd76tX8TQljZanlVi-Gpw&amp;oh=00_AftqMbuLlhephahllz1Jo_29rERd_iY_gUDNHAj7JQ7XYw&amp;oe=69A5E904&quot;,&quot;640&quot;:&quot;https:\\\/\\\/scontent-fra5-2.cdninstagram.com\\\/v\\\/t51.82787-15\\\/639433568_18094476364973538_1847411973985846652_n.jpg?stp=dst-jpg_e35_tt6&amp;_nc_cat=107&amp;ccb=7-5&amp;_nc_sid=18de74&amp;efg=eyJlZmdfdGFnIjoiQ0FST1VTRUxfSVRFTS5iZXN0X2ltYWdlX3VybGdlbi5DMyJ9&amp;_nc_ohc=rlyHyJl7m8cQ7kNvwGkBTv6&amp;_nc_oc=Adl2k_j_KSv2ib8NosXpnBhu3NYKp8pEyBAibKATGdOfA5FhakEmyJA-YgNWxz-fBBg&amp;_nc_zt=23&amp;_nc_ht=scontent-fra5-2.cdninstagram.com&amp;edm=AM6HXa8EAAAA&amp;_nc_gid=4Nd76tX8TQljZanlVi-Gpw&amp;oh=00_AftqMbuLlhephahllz1Jo_29rERd_iY_gUDNHAj7JQ7XYw&amp;oe=69A5E904&quot;}\">\n\t\t\t<span class=\"sbi-screenreader\">\ud83c\udf93 Smart City Expert (IHK) | kurz erkl\u00e4rt\n\nDie Stra<\/span>\n\t\t\t<svg class=\"svg-inline--fa fa-clone fa-w-16 sbi_lightbox_carousel_icon\" aria-hidden=\"true\" aria-label=\"Clone\" data-fa-pro\u0192cessed=\"\" data-prefix=\"far\" data-icon=\"clone\" role=\"img\" xmlns=\"http:\/\/www.w3.org\/2000\/svg\" viewBox=\"0 0 512 512\">\n                    <path fill=\"currentColor\" d=\"M464 0H144c-26.51 0-48 21.49-48 48v48H48c-26.51 0-48 21.49-48 48v320c0 26.51 21.49 48 48 48h320c26.51 0 48-21.49 48-48v-48h48c26.51 0 48-21.49 48-48V48c0-26.51-21.49-48-48-48zM362 464H54a6 6 0 0 1-6-6V150a6 6 0 0 1 6-6h42v224c0 26.51 21.49 48 48 48h224v42a6 6 0 0 1-6 6zm96-96H150a6 6 0 0 1-6-6V54a6 6 0 0 1 6-6h308a6 6 0 0 1 6 6v308a6 6 0 0 1-6 6z\"><\/path>\n                <\/svg>\t\t\t\t\t\t<img decoding=\"async\" src=\"https:\/\/digitaleentwicklung.de\/wp-content\/plugins\/instagram-feed\/img\/placeholder.png\" alt=\"\ud83c\udf93 Smart City Expert (IHK) | kurz erkl\u00e4rt\n\nDie Strategie ist beschlossen \u2013 und dann?\nViele Kommunen stehen genau jetzt vor der Herausforderung, aus Konzepten konkrete Projekte zu machen.\n\nDer Smart City Expert (IHK) der ZDE-Akademie begleitet genau diesen Schritt: von der Planung in die Umsetzung.\nIm Fokus stehen Themen wie Datenstrategie, Dateninfrastruktur, Plattformen sowie wirksame Kommunikation und Beteiligung.\n\nDank des modularen Aufbaus kannst du Schwerpunkte setzen \u2013 zum Beispiel in den Bereichen Datensouver\u00e4nit\u00e4t, IoT, F\u00f6rdermittel, Digitaler Zwilling oder smarte Verwaltungskommunikation.\n\n\u27a1\ufe0f Die Slides zeigen kompakt,\nworum es beim Abschluss geht\nund wie er aufgebaut ist.\n\nUnser Anspruch: nicht nur Konzepte vermitteln, sondern Umsetzung m\u00f6glich machen.\n\nDer Smart City Expert \u2013 das langj\u00e4hrig etablierte Original \u2013 ist eine bewusste Entscheidung f\u00fcr nachhaltig wirksame F\u00fchrung und fundierte Handlungsf\u00e4higkeit. \ud83d\ude80\n\n\ud83d\udc49 Erfahrt mehr: Link in der BIO\" aria-hidden=\"true\">\n\t\t<\/a>\n\t<\/div>\n<\/div><div class=\"sbi_item sbi_type_video sbi_new sbi_transition\"\n\tid=\"sbi_18081692720587144\" data-date=\"1770984303\">\n\t<div class=\"sbi_photo_wrap\">\n\t\t<a class=\"sbi_photo\" href=\"https:\/\/www.instagram.com\/reel\/DUsoW8-jVRm\/\" target=\"_blank\" rel=\"noopener nofollow\"\n\t\t\tdata-full-res=\"https:\/\/scontent-fra3-1.cdninstagram.com\/v\/t51.82787-15\/631851543_18093993607973538_7937598723456463364_n.jpg?stp=dst-jpg_e35_tt6&#038;_nc_cat=101&#038;ccb=7-5&#038;_nc_sid=18de74&#038;efg=eyJlZmdfdGFnIjoiQ0xJUFMuYmVzdF9pbWFnZV91cmxnZW4uQzMifQ%3D%3D&#038;_nc_ohc=coLb3SFXcqEQ7kNvwFHm8sV&#038;_nc_oc=Adm_eTlF9iMkYPzCFVaOJOeT3TtPqCEwMK37PC_J6QiHykRq0fxC9pQBoL-MrltzTPk&#038;_nc_zt=23&#038;_nc_ht=scontent-fra3-1.cdninstagram.com&#038;edm=AM6HXa8EAAAA&#038;_nc_gid=4Nd76tX8TQljZanlVi-Gpw&#038;_nc_tpa=Q5bMBQGARaKMK_Tv7_NGbcumKx01_xxW717KQ0xqfexKNMspWpKMD-KQmueoUzv90ne-jCwMqyzk5OQp&#038;oh=00_Aft9gkR2Wf98plaFbHTBFLsh6GNdcqHwJVt80SEf3KMnAA&#038;oe=69A5DDD6\"\n\t\t\tdata-img-src-set=\"{&quot;d&quot;:&quot;https:\\\/\\\/scontent-fra3-1.cdninstagram.com\\\/v\\\/t51.82787-15\\\/631851543_18093993607973538_7937598723456463364_n.jpg?stp=dst-jpg_e35_tt6&amp;_nc_cat=101&amp;ccb=7-5&amp;_nc_sid=18de74&amp;efg=eyJlZmdfdGFnIjoiQ0xJUFMuYmVzdF9pbWFnZV91cmxnZW4uQzMifQ%3D%3D&amp;_nc_ohc=coLb3SFXcqEQ7kNvwFHm8sV&amp;_nc_oc=Adm_eTlF9iMkYPzCFVaOJOeT3TtPqCEwMK37PC_J6QiHykRq0fxC9pQBoL-MrltzTPk&amp;_nc_zt=23&amp;_nc_ht=scontent-fra3-1.cdninstagram.com&amp;edm=AM6HXa8EAAAA&amp;_nc_gid=4Nd76tX8TQljZanlVi-Gpw&amp;_nc_tpa=Q5bMBQGARaKMK_Tv7_NGbcumKx01_xxW717KQ0xqfexKNMspWpKMD-KQmueoUzv90ne-jCwMqyzk5OQp&amp;oh=00_Aft9gkR2Wf98plaFbHTBFLsh6GNdcqHwJVt80SEf3KMnAA&amp;oe=69A5DDD6&quot;,&quot;150&quot;:&quot;https:\\\/\\\/scontent-fra3-1.cdninstagram.com\\\/v\\\/t51.82787-15\\\/631851543_18093993607973538_7937598723456463364_n.jpg?stp=dst-jpg_e35_tt6&amp;_nc_cat=101&amp;ccb=7-5&amp;_nc_sid=18de74&amp;efg=eyJlZmdfdGFnIjoiQ0xJUFMuYmVzdF9pbWFnZV91cmxnZW4uQzMifQ%3D%3D&amp;_nc_ohc=coLb3SFXcqEQ7kNvwFHm8sV&amp;_nc_oc=Adm_eTlF9iMkYPzCFVaOJOeT3TtPqCEwMK37PC_J6QiHykRq0fxC9pQBoL-MrltzTPk&amp;_nc_zt=23&amp;_nc_ht=scontent-fra3-1.cdninstagram.com&amp;edm=AM6HXa8EAAAA&amp;_nc_gid=4Nd76tX8TQljZanlVi-Gpw&amp;_nc_tpa=Q5bMBQGARaKMK_Tv7_NGbcumKx01_xxW717KQ0xqfexKNMspWpKMD-KQmueoUzv90ne-jCwMqyzk5OQp&amp;oh=00_Aft9gkR2Wf98plaFbHTBFLsh6GNdcqHwJVt80SEf3KMnAA&amp;oe=69A5DDD6&quot;,&quot;320&quot;:&quot;https:\\\/\\\/scontent-fra3-1.cdninstagram.com\\\/v\\\/t51.82787-15\\\/631851543_18093993607973538_7937598723456463364_n.jpg?stp=dst-jpg_e35_tt6&amp;_nc_cat=101&amp;ccb=7-5&amp;_nc_sid=18de74&amp;efg=eyJlZmdfdGFnIjoiQ0xJUFMuYmVzdF9pbWFnZV91cmxnZW4uQzMifQ%3D%3D&amp;_nc_ohc=coLb3SFXcqEQ7kNvwFHm8sV&amp;_nc_oc=Adm_eTlF9iMkYPzCFVaOJOeT3TtPqCEwMK37PC_J6QiHykRq0fxC9pQBoL-MrltzTPk&amp;_nc_zt=23&amp;_nc_ht=scontent-fra3-1.cdninstagram.com&amp;edm=AM6HXa8EAAAA&amp;_nc_gid=4Nd76tX8TQljZanlVi-Gpw&amp;_nc_tpa=Q5bMBQGARaKMK_Tv7_NGbcumKx01_xxW717KQ0xqfexKNMspWpKMD-KQmueoUzv90ne-jCwMqyzk5OQp&amp;oh=00_Aft9gkR2Wf98plaFbHTBFLsh6GNdcqHwJVt80SEf3KMnAA&amp;oe=69A5DDD6&quot;,&quot;640&quot;:&quot;https:\\\/\\\/scontent-fra3-1.cdninstagram.com\\\/v\\\/t51.82787-15\\\/631851543_18093993607973538_7937598723456463364_n.jpg?stp=dst-jpg_e35_tt6&amp;_nc_cat=101&amp;ccb=7-5&amp;_nc_sid=18de74&amp;efg=eyJlZmdfdGFnIjoiQ0xJUFMuYmVzdF9pbWFnZV91cmxnZW4uQzMifQ%3D%3D&amp;_nc_ohc=coLb3SFXcqEQ7kNvwFHm8sV&amp;_nc_oc=Adm_eTlF9iMkYPzCFVaOJOeT3TtPqCEwMK37PC_J6QiHykRq0fxC9pQBoL-MrltzTPk&amp;_nc_zt=23&amp;_nc_ht=scontent-fra3-1.cdninstagram.com&amp;edm=AM6HXa8EAAAA&amp;_nc_gid=4Nd76tX8TQljZanlVi-Gpw&amp;_nc_tpa=Q5bMBQGARaKMK_Tv7_NGbcumKx01_xxW717KQ0xqfexKNMspWpKMD-KQmueoUzv90ne-jCwMqyzk5OQp&amp;oh=00_Aft9gkR2Wf98plaFbHTBFLsh6GNdcqHwJVt80SEf3KMnAA&amp;oe=69A5DDD6&quot;}\">\n\t\t\t<span class=\"sbi-screenreader\">\ud83d\ude86\ud83c\udf0d On Tour mit der GEO.DIGITAL Gruppe\n\nEine Woche,<\/span>\n\t\t\t\t\t\t<svg style=\"color: rgba(255,255,255,1)\" class=\"svg-inline--fa fa-play fa-w-14 sbi_playbtn\" aria-label=\"Play\" aria-hidden=\"true\" data-fa-processed=\"\" data-prefix=\"fa\" data-icon=\"play\" role=\"presentation\" xmlns=\"http:\/\/www.w3.org\/2000\/svg\" viewBox=\"0 0 448 512\"><path fill=\"currentColor\" d=\"M424.4 214.7L72.4 6.6C43.8-10.3 0 6.1 0 47.9V464c0 37.5 40.7 60.1 72.4 41.3l352-208c31.4-18.5 31.5-64.1 0-82.6z\"><\/path><\/svg>\t\t\t<img decoding=\"async\" src=\"https:\/\/digitaleentwicklung.de\/wp-content\/plugins\/instagram-feed\/img\/placeholder.png\" alt=\"\ud83d\ude86\ud83c\udf0d On Tour mit der GEO.DIGITAL Gruppe\n\nEine Woche, f\u00fcnf St\u00e4dte, viele Gespr\u00e4che und neue Impulse.\n\nVon K\u00f6ln \u00fcber Frankfurt und Berlin bis hoch an die Nordsee \u2013 und weiter nach Oldenburg:\nDiese Woche waren wir quer durch Deutschland unterwegs, haben Netzwerke gepflegt, Projekte diskutiert und neue Perspektiven f\u00fcr #digitaleinfrastruktur, #smartcity und kommunale Entwicklung gesammelt.\n\n\ud83c\udfad K\u00f6ln \u2013 Austausch im Netzwerk (und ein bisschen Karneval)\n\ud83c\udfd9 Frankfurt \u2013 Workshop &amp; Gespr\u00e4che\n\ud83c\udfdb Berlin \u2013 Termine auf Bundesebene\n\u26f5\ufe0f S\u00fcderbrarup \u2013 Smart City Tag an der Nordsee\n\ud83c\udfd7 Oldenburg \u2013 Austausch auf dem 38. Oldenburger Rohrleitungsforum\n\nUnser Fazit: Digitalisierung entsteht unterwegs \u2013 im Dialog, im Vertrauen und durch starke Partnerschaften.\n\n\ud83d\ude4f Danke an alle Stationen und Begegnungen dieser Woche.\" aria-hidden=\"true\">\n\t\t<\/a>\n\t<\/div>\n<\/div><div class=\"sbi_item sbi_type_video sbi_new sbi_transition\"\n\tid=\"sbi_18074063744111880\" data-date=\"1770634245\">\n\t<div class=\"sbi_photo_wrap\">\n\t\t<a class=\"sbi_photo\" href=\"https:\/\/www.instagram.com\/reel\/DUiM36mDSNN\/\" target=\"_blank\" rel=\"noopener nofollow\"\n\t\t\tdata-full-res=\"https:\/\/scontent-fra5-1.cdninstagram.com\/v\/t51.82787-15\/631281195_18093639133973538_6106697113569592332_n.jpg?stp=dst-jpg_e35_tt6&#038;_nc_cat=102&#038;ccb=7-5&#038;_nc_sid=18de74&#038;efg=eyJlZmdfdGFnIjoiQ0xJUFMuYmVzdF9pbWFnZV91cmxnZW4uQzMifQ%3D%3D&#038;_nc_ohc=c7ANcKtY7MAQ7kNvwEdGbbd&#038;_nc_oc=AdmZYze_Xu9g3Ok3KxaGxvZbAOGslN-S4MEh9m9LRV2iyVjI2UEwYaRPgrlufAM4QoI&#038;_nc_zt=23&#038;_nc_ht=scontent-fra5-1.cdninstagram.com&#038;edm=AM6HXa8EAAAA&#038;_nc_gid=4Nd76tX8TQljZanlVi-Gpw&#038;_nc_tpa=Q5bMBQFM9X0sGXhGE6xHbDKkvFyf9q1NzQcy3y54aL1T8MXWcaYVENBMtpXo1zrV7izKpJUzW5b45bIe&#038;oh=00_AfscQJTkJsL96Nx5YBue3Lzp36a5WCgCK69MqyAXdF64VQ&#038;oe=69A5D97D\"\n\t\t\tdata-img-src-set=\"{&quot;d&quot;:&quot;https:\\\/\\\/scontent-fra5-1.cdninstagram.com\\\/v\\\/t51.82787-15\\\/631281195_18093639133973538_6106697113569592332_n.jpg?stp=dst-jpg_e35_tt6&amp;_nc_cat=102&amp;ccb=7-5&amp;_nc_sid=18de74&amp;efg=eyJlZmdfdGFnIjoiQ0xJUFMuYmVzdF9pbWFnZV91cmxnZW4uQzMifQ%3D%3D&amp;_nc_ohc=c7ANcKtY7MAQ7kNvwEdGbbd&amp;_nc_oc=AdmZYze_Xu9g3Ok3KxaGxvZbAOGslN-S4MEh9m9LRV2iyVjI2UEwYaRPgrlufAM4QoI&amp;_nc_zt=23&amp;_nc_ht=scontent-fra5-1.cdninstagram.com&amp;edm=AM6HXa8EAAAA&amp;_nc_gid=4Nd76tX8TQljZanlVi-Gpw&amp;_nc_tpa=Q5bMBQFM9X0sGXhGE6xHbDKkvFyf9q1NzQcy3y54aL1T8MXWcaYVENBMtpXo1zrV7izKpJUzW5b45bIe&amp;oh=00_AfscQJTkJsL96Nx5YBue3Lzp36a5WCgCK69MqyAXdF64VQ&amp;oe=69A5D97D&quot;,&quot;150&quot;:&quot;https:\\\/\\\/scontent-fra5-1.cdninstagram.com\\\/v\\\/t51.82787-15\\\/631281195_18093639133973538_6106697113569592332_n.jpg?stp=dst-jpg_e35_tt6&amp;_nc_cat=102&amp;ccb=7-5&amp;_nc_sid=18de74&amp;efg=eyJlZmdfdGFnIjoiQ0xJUFMuYmVzdF9pbWFnZV91cmxnZW4uQzMifQ%3D%3D&amp;_nc_ohc=c7ANcKtY7MAQ7kNvwEdGbbd&amp;_nc_oc=AdmZYze_Xu9g3Ok3KxaGxvZbAOGslN-S4MEh9m9LRV2iyVjI2UEwYaRPgrlufAM4QoI&amp;_nc_zt=23&amp;_nc_ht=scontent-fra5-1.cdninstagram.com&amp;edm=AM6HXa8EAAAA&amp;_nc_gid=4Nd76tX8TQljZanlVi-Gpw&amp;_nc_tpa=Q5bMBQFM9X0sGXhGE6xHbDKkvFyf9q1NzQcy3y54aL1T8MXWcaYVENBMtpXo1zrV7izKpJUzW5b45bIe&amp;oh=00_AfscQJTkJsL96Nx5YBue3Lzp36a5WCgCK69MqyAXdF64VQ&amp;oe=69A5D97D&quot;,&quot;320&quot;:&quot;https:\\\/\\\/scontent-fra5-1.cdninstagram.com\\\/v\\\/t51.82787-15\\\/631281195_18093639133973538_6106697113569592332_n.jpg?stp=dst-jpg_e35_tt6&amp;_nc_cat=102&amp;ccb=7-5&amp;_nc_sid=18de74&amp;efg=eyJlZmdfdGFnIjoiQ0xJUFMuYmVzdF9pbWFnZV91cmxnZW4uQzMifQ%3D%3D&amp;_nc_ohc=c7ANcKtY7MAQ7kNvwEdGbbd&amp;_nc_oc=AdmZYze_Xu9g3Ok3KxaGxvZbAOGslN-S4MEh9m9LRV2iyVjI2UEwYaRPgrlufAM4QoI&amp;_nc_zt=23&amp;_nc_ht=scontent-fra5-1.cdninstagram.com&amp;edm=AM6HXa8EAAAA&amp;_nc_gid=4Nd76tX8TQljZanlVi-Gpw&amp;_nc_tpa=Q5bMBQFM9X0sGXhGE6xHbDKkvFyf9q1NzQcy3y54aL1T8MXWcaYVENBMtpXo1zrV7izKpJUzW5b45bIe&amp;oh=00_AfscQJTkJsL96Nx5YBue3Lzp36a5WCgCK69MqyAXdF64VQ&amp;oe=69A5D97D&quot;,&quot;640&quot;:&quot;https:\\\/\\\/scontent-fra5-1.cdninstagram.com\\\/v\\\/t51.82787-15\\\/631281195_18093639133973538_6106697113569592332_n.jpg?stp=dst-jpg_e35_tt6&amp;_nc_cat=102&amp;ccb=7-5&amp;_nc_sid=18de74&amp;efg=eyJlZmdfdGFnIjoiQ0xJUFMuYmVzdF9pbWFnZV91cmxnZW4uQzMifQ%3D%3D&amp;_nc_ohc=c7ANcKtY7MAQ7kNvwEdGbbd&amp;_nc_oc=AdmZYze_Xu9g3Ok3KxaGxvZbAOGslN-S4MEh9m9LRV2iyVjI2UEwYaRPgrlufAM4QoI&amp;_nc_zt=23&amp;_nc_ht=scontent-fra5-1.cdninstagram.com&amp;edm=AM6HXa8EAAAA&amp;_nc_gid=4Nd76tX8TQljZanlVi-Gpw&amp;_nc_tpa=Q5bMBQFM9X0sGXhGE6xHbDKkvFyf9q1NzQcy3y54aL1T8MXWcaYVENBMtpXo1zrV7izKpJUzW5b45bIe&amp;oh=00_AfscQJTkJsL96Nx5YBue3Lzp36a5WCgCK69MqyAXdF64VQ&amp;oe=69A5D97D&quot;}\">\n\t\t\t<span class=\"sbi-screenreader\">\ud83c\udf93 Startklar f\u00fcr die ZDE-Akademie\n\nMit frischem Bli<\/span>\n\t\t\t\t\t\t<svg style=\"color: rgba(255,255,255,1)\" class=\"svg-inline--fa fa-play fa-w-14 sbi_playbtn\" aria-label=\"Play\" aria-hidden=\"true\" data-fa-processed=\"\" data-prefix=\"fa\" data-icon=\"play\" role=\"presentation\" xmlns=\"http:\/\/www.w3.org\/2000\/svg\" viewBox=\"0 0 448 512\"><path fill=\"currentColor\" d=\"M424.4 214.7L72.4 6.6C43.8-10.3 0 6.1 0 47.9V464c0 37.5 40.7 60.1 72.4 41.3l352-208c31.4-18.5 31.5-64.1 0-82.6z\"><\/path><\/svg>\t\t\t<img decoding=\"async\" src=\"https:\/\/digitaleentwicklung.de\/wp-content\/plugins\/instagram-feed\/img\/placeholder.png\" alt=\"\ud83c\udf93 Startklar f\u00fcr die ZDE-Akademie\n\nMit frischem Blick und viel Erfahrung \u00fcbernimmt Felix die Leitung der ZDE-Akademie.\nSein Anspruch: Weiterbildung, die nicht bei Theorie stehen bleibt \u2013 sondern in die Umsetzung f\u00fchrt.\n\nDie ZDE-Akademie steht auf drei starken S\u00e4ulen:\n\n- Smart City Expert (IHK) \u2013 der bew\u00e4hrte, zertifizierte Abschluss f\u00fcr strategisches Know-how\n\n- Smart City Praktiker \u2013 praxisnah, fachlich konkret, direkt anwendbar\n\n- Sonderl\u00f6sungen &amp; Fachpraxis \u2013 individuelle Seminare, IoT-Anwendungen und Wissen dort, wo es gebraucht wird: vor Ort\n\nWeiterbildung f\u00fcr Kommunen, Verwaltung und \u00f6ffentliche Akteure \u2013 praxisnah, modular und l\u00f6sungsorientiert.\nDas ist der Startschuss f\u00fcr unsere Akademie-Reihe. \ud83d\ude80\" aria-hidden=\"true\">\n\t\t<\/a>\n\t<\/div>\n<\/div><div class=\"sbi_item sbi_type_video sbi_new sbi_transition\"\n\tid=\"sbi_17974245062830808\" data-date=\"1770115559\">\n\t<div class=\"sbi_photo_wrap\">\n\t\t<a class=\"sbi_photo\" href=\"https:\/\/www.instagram.com\/reel\/DUSvaJmjdyL\/\" target=\"_blank\" rel=\"noopener nofollow\"\n\t\t\tdata-full-res=\"https:\/\/scontent-fra5-2.cdninstagram.com\/v\/t51.82787-15\/627653218_18093091396973538_7678824504246896733_n.jpg?stp=dst-jpg_e35_tt6&#038;_nc_cat=106&#038;ccb=7-5&#038;_nc_sid=18de74&#038;efg=eyJlZmdfdGFnIjoiQ0xJUFMuYmVzdF9pbWFnZV91cmxnZW4uQzMifQ%3D%3D&#038;_nc_ohc=LAQzdMLECY4Q7kNvwFJqGU4&#038;_nc_oc=AdlozDx2ZVUGViWnGNWtcw_jgDjNGhdSWiqQcwd7BMzAPc9rlEGvLuRM72-WxZrpVv0&#038;_nc_zt=23&#038;_nc_ht=scontent-fra5-2.cdninstagram.com&#038;edm=AM6HXa8EAAAA&#038;_nc_gid=4Nd76tX8TQljZanlVi-Gpw&#038;_nc_tpa=Q5bMBQHwVmDdRhIFcI_dNV8U4GiYs7YLQ_zvbYrc0CweMGvFxjfbxrfw4j2JzdFfmPKY9VFq1tmvsvPi&#038;oh=00_Afu8k5TyNq3_3G4_K_sG6-5vfmGuk1sN7sccBo7L_006hw&#038;oe=69A5D0B3\"\n\t\t\tdata-img-src-set=\"{&quot;d&quot;:&quot;https:\\\/\\\/scontent-fra5-2.cdninstagram.com\\\/v\\\/t51.82787-15\\\/627653218_18093091396973538_7678824504246896733_n.jpg?stp=dst-jpg_e35_tt6&amp;_nc_cat=106&amp;ccb=7-5&amp;_nc_sid=18de74&amp;efg=eyJlZmdfdGFnIjoiQ0xJUFMuYmVzdF9pbWFnZV91cmxnZW4uQzMifQ%3D%3D&amp;_nc_ohc=LAQzdMLECY4Q7kNvwFJqGU4&amp;_nc_oc=AdlozDx2ZVUGViWnGNWtcw_jgDjNGhdSWiqQcwd7BMzAPc9rlEGvLuRM72-WxZrpVv0&amp;_nc_zt=23&amp;_nc_ht=scontent-fra5-2.cdninstagram.com&amp;edm=AM6HXa8EAAAA&amp;_nc_gid=4Nd76tX8TQljZanlVi-Gpw&amp;_nc_tpa=Q5bMBQHwVmDdRhIFcI_dNV8U4GiYs7YLQ_zvbYrc0CweMGvFxjfbxrfw4j2JzdFfmPKY9VFq1tmvsvPi&amp;oh=00_Afu8k5TyNq3_3G4_K_sG6-5vfmGuk1sN7sccBo7L_006hw&amp;oe=69A5D0B3&quot;,&quot;150&quot;:&quot;https:\\\/\\\/scontent-fra5-2.cdninstagram.com\\\/v\\\/t51.82787-15\\\/627653218_18093091396973538_7678824504246896733_n.jpg?stp=dst-jpg_e35_tt6&amp;_nc_cat=106&amp;ccb=7-5&amp;_nc_sid=18de74&amp;efg=eyJlZmdfdGFnIjoiQ0xJUFMuYmVzdF9pbWFnZV91cmxnZW4uQzMifQ%3D%3D&amp;_nc_ohc=LAQzdMLECY4Q7kNvwFJqGU4&amp;_nc_oc=AdlozDx2ZVUGViWnGNWtcw_jgDjNGhdSWiqQcwd7BMzAPc9rlEGvLuRM72-WxZrpVv0&amp;_nc_zt=23&amp;_nc_ht=scontent-fra5-2.cdninstagram.com&amp;edm=AM6HXa8EAAAA&amp;_nc_gid=4Nd76tX8TQljZanlVi-Gpw&amp;_nc_tpa=Q5bMBQHwVmDdRhIFcI_dNV8U4GiYs7YLQ_zvbYrc0CweMGvFxjfbxrfw4j2JzdFfmPKY9VFq1tmvsvPi&amp;oh=00_Afu8k5TyNq3_3G4_K_sG6-5vfmGuk1sN7sccBo7L_006hw&amp;oe=69A5D0B3&quot;,&quot;320&quot;:&quot;https:\\\/\\\/scontent-fra5-2.cdninstagram.com\\\/v\\\/t51.82787-15\\\/627653218_18093091396973538_7678824504246896733_n.jpg?stp=dst-jpg_e35_tt6&amp;_nc_cat=106&amp;ccb=7-5&amp;_nc_sid=18de74&amp;efg=eyJlZmdfdGFnIjoiQ0xJUFMuYmVzdF9pbWFnZV91cmxnZW4uQzMifQ%3D%3D&amp;_nc_ohc=LAQzdMLECY4Q7kNvwFJqGU4&amp;_nc_oc=AdlozDx2ZVUGViWnGNWtcw_jgDjNGhdSWiqQcwd7BMzAPc9rlEGvLuRM72-WxZrpVv0&amp;_nc_zt=23&amp;_nc_ht=scontent-fra5-2.cdninstagram.com&amp;edm=AM6HXa8EAAAA&amp;_nc_gid=4Nd76tX8TQljZanlVi-Gpw&amp;_nc_tpa=Q5bMBQHwVmDdRhIFcI_dNV8U4GiYs7YLQ_zvbYrc0CweMGvFxjfbxrfw4j2JzdFfmPKY9VFq1tmvsvPi&amp;oh=00_Afu8k5TyNq3_3G4_K_sG6-5vfmGuk1sN7sccBo7L_006hw&amp;oe=69A5D0B3&quot;,&quot;640&quot;:&quot;https:\\\/\\\/scontent-fra5-2.cdninstagram.com\\\/v\\\/t51.82787-15\\\/627653218_18093091396973538_7678824504246896733_n.jpg?stp=dst-jpg_e35_tt6&amp;_nc_cat=106&amp;ccb=7-5&amp;_nc_sid=18de74&amp;efg=eyJlZmdfdGFnIjoiQ0xJUFMuYmVzdF9pbWFnZV91cmxnZW4uQzMifQ%3D%3D&amp;_nc_ohc=LAQzdMLECY4Q7kNvwFJqGU4&amp;_nc_oc=AdlozDx2ZVUGViWnGNWtcw_jgDjNGhdSWiqQcwd7BMzAPc9rlEGvLuRM72-WxZrpVv0&amp;_nc_zt=23&amp;_nc_ht=scontent-fra5-2.cdninstagram.com&amp;edm=AM6HXa8EAAAA&amp;_nc_gid=4Nd76tX8TQljZanlVi-Gpw&amp;_nc_tpa=Q5bMBQHwVmDdRhIFcI_dNV8U4GiYs7YLQ_zvbYrc0CweMGvFxjfbxrfw4j2JzdFfmPKY9VFq1tmvsvPi&amp;oh=00_Afu8k5TyNq3_3G4_K_sG6-5vfmGuk1sN7sccBo7L_006hw&amp;oe=69A5D0B3&quot;}\">\n\t\t\t<span class=\"sbi-screenreader\">\ud83d\ude80 Dein M\u00e4rz-Upgrade f\u00fcr die digitale Kommune\n\nNeue<\/span>\n\t\t\t\t\t\t<svg style=\"color: rgba(255,255,255,1)\" class=\"svg-inline--fa fa-play fa-w-14 sbi_playbtn\" aria-label=\"Play\" aria-hidden=\"true\" data-fa-processed=\"\" data-prefix=\"fa\" data-icon=\"play\" role=\"presentation\" xmlns=\"http:\/\/www.w3.org\/2000\/svg\" viewBox=\"0 0 448 512\"><path fill=\"currentColor\" d=\"M424.4 214.7L72.4 6.6C43.8-10.3 0 6.1 0 47.9V464c0 37.5 40.7 60.1 72.4 41.3l352-208c31.4-18.5 31.5-64.1 0-82.6z\"><\/path><\/svg>\t\t\t<img decoding=\"async\" src=\"https:\/\/digitaleentwicklung.de\/wp-content\/plugins\/instagram-feed\/img\/placeholder.png\" alt=\"\ud83d\ude80 Dein M\u00e4rz-Upgrade f\u00fcr die digitale Kommune\n\nNeue Perspektiven, frisches Wissen und Formate, die dich wirklich weiterbringen: Im M\u00e4rz b\u00fcndelt die ZDE-Akademie praxisnahe Weiterbildung rund um Smart City, digitale Verwaltung und Datenkompetenz.\n\n\ud83d\udfe3 Hybrider Kursabschluss\n\n04.03. | Smart City Praktiker\nDer praxisnahe Kursabschluss f\u00fcr alle, die in Smart-City-Projekten wirklich ins Umsetzen kommen m\u00f6chten.\n\n\ud83d\udfe3Seminare (Fachwissen)\n\n05.03. | Datensouver\u00e4nit\u00e4t in der digitalen Kommune\n10.03. | Smarte Verwaltungskommunikation\n17.03. | KI in der Stadtverwaltung \u2013 sicher, smart, gesetzeskonform\n\n\ud83d\udfe3Webinare (kompakt &amp; aktuell)\n\n18.03. | EU Data Act\n\n\ud83d\udc49 Mach dich fit f\u00fcr die digitale Zukunft.\n\nAlle Infos &amp; Anmeldung findest du \u00fcber den Link in der BIO.\" aria-hidden=\"true\">\n\t\t<\/a>\n\t<\/div>\n<\/div>\t<\/div>\n\n\t<div id=\"sbi_load\" >\n\n\t\t\t<button class=\"sbi_load_btn\"\n\t\t\ttype=\"button\" >\n\t\t\t<span class=\"sbi_btn_text\" >Mehr laden<\/span>\n\t\t\t<span class=\"sbi_loader sbi_hidden\" style=\"background-color: rgb(255, 255, 255);\" aria-hidden=\"true\"><\/span>\n\t\t<\/button>\n\t\n\t\t\t<span class=\"sbi_follow_btn sbi_custom\" >\n\t\t\t<a target=\"_blank\"\n\t\t\t\trel=\"nofollow noopener\"  href=\"https:\/\/www.instagram.com\/zde_gmbh\/\" style=\"background: rgb(249,176,0);\">\n\t\t\t\t<svg class=\"svg-inline--fa fa-instagram fa-w-14\" aria-hidden=\"true\" data-fa-processed=\"\" aria-label=\"Instagram\" data-prefix=\"fab\" data-icon=\"instagram\" role=\"img\" viewBox=\"0 0 448 512\">\n                    <path fill=\"currentColor\" d=\"M224.1 141c-63.6 0-114.9 51.3-114.9 114.9s51.3 114.9 114.9 114.9S339 319.5 339 255.9 287.7 141 224.1 141zm0 189.6c-41.1 0-74.7-33.5-74.7-74.7s33.5-74.7 74.7-74.7 74.7 33.5 74.7 74.7-33.6 74.7-74.7 74.7zm146.4-194.3c0 14.9-12 26.8-26.8 26.8-14.9 0-26.8-12-26.8-26.8s12-26.8 26.8-26.8 26.8 12 26.8 26.8zm76.1 27.2c-1.7-35.9-9.9-67.7-36.2-93.9-26.2-26.2-58-34.4-93.9-36.2-37-2.1-147.9-2.1-184.9 0-35.8 1.7-67.6 9.9-93.9 36.1s-34.4 58-36.2 93.9c-2.1 37-2.1 147.9 0 184.9 1.7 35.9 9.9 67.7 36.2 93.9s58 34.4 93.9 36.2c37 2.1 147.9 2.1 184.9 0 35.9-1.7 67.7-9.9 93.9-36.2 26.2-26.2 34.4-58 36.2-93.9 2.1-37 2.1-147.8 0-184.8zM398.8 388c-7.8 19.6-22.9 34.7-42.6 42.6-29.5 11.7-99.5 9-132.1 9s-102.7 2.6-132.1-9c-19.6-7.8-34.7-22.9-42.6-42.6-11.7-29.5-9-99.5-9-132.1s-2.6-102.7 9-132.1c7.8-19.6 22.9-34.7 42.6-42.6 29.5-11.7 99.5-9 132.1-9s102.7-2.6 132.1 9c19.6 7.8 34.7 22.9 42.6 42.6 11.7 29.5 9 99.5 9 132.1s2.7 102.7-9 132.1z\"><\/path>\n                <\/svg>\t\t\t\t<span>Folge uns auf Instagram<\/span>\n\t\t\t<\/a>\n\t\t<\/span>\n\t\n<\/div>\n\t\t<span class=\"sbi_resized_image_data\" data-feed-id=\"*1\"\n\t\t  data-resized=\"{&quot;18071293151553828&quot;:{&quot;id&quot;:&quot;639907421_1713011710153903_7786505372347093934_n&quot;,&quot;ratio&quot;:&quot;0.80&quot;,&quot;sizes&quot;:{&quot;full&quot;:640,&quot;low&quot;:320,&quot;thumb&quot;:150},&quot;extension&quot;:&quot;.webp&quot;},&quot;17986137053786215&quot;:{&quot;id&quot;:&quot;639522274_18094662472973538_6092166875427151690_n&quot;,&quot;ratio&quot;:&quot;0.80&quot;,&quot;sizes&quot;:{&quot;full&quot;:640,&quot;low&quot;:320,&quot;thumb&quot;:150},&quot;extension&quot;:&quot;.webp&quot;},&quot;18534746896066815&quot;:{&quot;id&quot;:&quot;639433568_18094476364973538_1847411973985846652_n&quot;,&quot;ratio&quot;:&quot;0.80&quot;,&quot;sizes&quot;:{&quot;full&quot;:640,&quot;low&quot;:320,&quot;thumb&quot;:150},&quot;extension&quot;:&quot;.webp&quot;},&quot;18081692720587144&quot;:{&quot;id&quot;:&quot;631851543_18093993607973538_7937598723456463364_n&quot;,&quot;ratio&quot;:&quot;0.56&quot;,&quot;sizes&quot;:{&quot;full&quot;:640,&quot;low&quot;:320,&quot;thumb&quot;:150},&quot;extension&quot;:&quot;.webp&quot;},&quot;18074063744111880&quot;:{&quot;id&quot;:&quot;631281195_18093639133973538_6106697113569592332_n&quot;,&quot;ratio&quot;:&quot;0.56&quot;,&quot;sizes&quot;:{&quot;full&quot;:640,&quot;low&quot;:320,&quot;thumb&quot;:150},&quot;extension&quot;:&quot;.webp&quot;},&quot;17974245062830808&quot;:{&quot;id&quot;:&quot;627653218_18093091396973538_7678824504246896733_n&quot;,&quot;ratio&quot;:&quot;0.56&quot;,&quot;sizes&quot;:{&quot;full&quot;:640,&quot;low&quot;:320,&quot;thumb&quot;:150},&quot;extension&quot;:&quot;.webp&quot;}}\">\n\t<\/span>\n\t<\/div>\n\n\t<style type=\"text\/css\">\n\t\t\t\t\t\t#sb_instagram .sbi_follow_btn a:hover,\n\t\t#sb_instagram .sbi_follow_btn a:focus {\n\t\t\toutline: none;\n\t\t\tbox-shadow: inset 0 0 10px 20px#fdc300;\n\t\t}\n\n\t\t\t<\/style>\n\t[\/et_pb_code][\/et_pb_column][\/et_pb_row][\/et_pb_section][et_pb_section fb_built=&#8221;1&#8243; prev_background_color=&#8221;#ffffff&#8221; _builder_version=&#8221;4.27.4&#8243; _module_preset=&#8221;default&#8221; background_enable_color=&#8221;off&#8221; use_background_color_gradient=&#8221;on&#8221; background_color_gradient_direction=&#8221;200deg&#8221; background_color_gradient_stops=&#8221;rgba(10,2,2,0) 0%|rgba(10,2,2,0.74) 72%&#8221; background_color_gradient_overlays_image=&#8221;on&#8221; background_image=&#8221;https:\/\/digitaleentwicklung.de\/wp-content\/uploads\/2025\/03\/Website-Elemente-ZDE-7.jpg&#8221; top_divider_style=&#8221;wave&#8221; top_divider_height=&#8221;49px&#8221; top_divider_flip=&#8221;horizontal&#8221; background_last_edited=&#8221;on|phone&#8221; background_size_phone=&#8221;custom&#8221; global_colors_info=&#8221;{}&#8221;][et_pb_row _builder_version=&#8221;4.23.1&#8243; _module_preset=&#8221;default&#8221; max_width=&#8221;1080px&#8221; global_colors_info=&#8221;{}&#8221;][et_pb_column type=&#8221;4_4&#8243; _builder_version=&#8221;4.23.1&#8243; _module_preset=&#8221;default&#8221; global_colors_info=&#8221;{}&#8221;][et_pb_text _builder_version=&#8221;4.23.1&#8243; _module_preset=&#8221;343d1382-577d-4e92-8f26-8e31aa6b0260&#8243; text_text_color=&#8221;#EDEDED&#8221; text_orientation=&#8221;right&#8221; width=&#8221;50%&#8221; module_alignment=&#8221;right&#8221; global_colors_info=&#8221;{}&#8221;]<\/p>\n<h2 style=\"text-align: center;\">Get in touch with us<\/h2>\n<p style=\"text-align: center;\">We look forward to chatting with you about possible solutions and collaborations. Please do not hesitate to contact us using the options below. <\/p>\n<p>[\/et_pb_text][\/et_pb_column][\/et_pb_row][et_pb_row column_structure=&#8221;1_2,1_2&#8243; _builder_version=&#8221;4.27.4&#8243; _module_preset=&#8221;default&#8221; max_width=&#8221;1080px&#8221; global_colors_info=&#8221;{}&#8221;][et_pb_column type=&#8221;1_2&#8243; _builder_version=&#8221;4.27.4&#8243; _module_preset=&#8221;default&#8221; background_color=&#8221;#ffffff&#8221; custom_padding=&#8221;20px|20px|20px|20px|true|true&#8221; border_radii=&#8221;on|7px|7px|7px|7px&#8221; box_shadow_style=&#8221;preset1&#8243; global_colors_info=&#8221;{}&#8221;][et_pb_text _builder_version=&#8221;4.23.1&#8243; _module_preset=&#8221;default&#8221; global_colors_info=&#8221;{}&#8221;]<\/p>\n<h3>Via our contact form<\/h3>\n<p>If you get in touch with us via our contact form, the right contact person will get back to you directly within the next few days. <\/p>\n<p>[\/et_pb_text][et_pb_contact_form email=&#8221;marketing@geodata-gmbh.de&#8221; custom_message=&#8221;Contact form: ZDE &#8211; Home||et_pb_line_break_holder||||et_pb_line_break_holder||First Name: %%Vorname%%||et_pb_line_break_holder||Last Name: %%Nachname%%||et_pb_line_break_holder||E-Mail: %%Email%%||et_pb_line_break_holder||Phone Number: %%Telefonnummer%%||et_pb_line_break_holder||Message: %%Message%%&#8221; _builder_version=&#8221;4.27.4&#8243; _module_preset=&#8221;default&#8221; use_confirmation_email=&#8221;on&#8221; confirmation_email_field_id=&#8221;Email&#8221; confirmation_email_subject=&#8221;Vielen Dank f\u00fcr Ihre Nachricht!&#8221; confirmation_email_from_name=&#8221;ZDE&#8221; confirmation_email_from=&#8221;noreply@digitaleentwicklung.de&#8221; confirmation_email_message=&#8221;Hallo %%Vorname%% %%Nachname%%,<\/p>\n<p>vielen Dank, dass Sie uns \u00fcber unser Kontaktformular kontaktiert haben. <\/p>\n<p>Wir haben Ihre Nachricht erhalten und leiten diese an die entsprechende Fachabteilung weiter. Ein\/e Mitarbeiter\/in wird sich so schnell wie m\u00f6glich bei Ihnen melden.<\/p>\n<p>Wir freuen uns darauf, Ihnen weiterhelfen zu k\u00f6nnen.<\/p>\n<p>Mit freundlichen Gr\u00fc\u00dfen<\/p>\n<p>Ihr ZDE-Team&#8221; global_colors_info=&#8221;{}&#8221;][et_pb_contact_field field_id=&#8221;Vorname&#8221; field_title=&#8221;Forename&#8221; _builder_version=&#8221;4.27.4&#8243; global_colors_info=&#8221;{}&#8221; button_text_size__hover_enabled=&#8221;off&#8221; button_one_text_size__hover_enabled=&#8221;off&#8221; button_two_text_size__hover_enabled=&#8221;off&#8221; button_text_color__hover_enabled=&#8221;off&#8221; button_one_text_color__hover_enabled=&#8221;off&#8221; button_two_text_color__hover_enabled=&#8221;off&#8221; button_border_width__hover_enabled=&#8221;off&#8221; button_one_border_width__hover_enabled=&#8221;off&#8221; button_two_border_width__hover_enabled=&#8221;off&#8221; button_border_color__hover_enabled=&#8221;off&#8221; button_one_border_color__hover_enabled=&#8221;off&#8221; button_two_border_color__hover_enabled=&#8221;off&#8221; button_border_radius__hover_enabled=&#8221;off&#8221; button_one_border_radius__hover_enabled=&#8221;off&#8221; button_two_border_radius__hover_enabled=&#8221;off&#8221; button_letter_spacing__hover_enabled=&#8221;off&#8221; button_one_letter_spacing__hover_enabled=&#8221;off&#8221; button_two_letter_spacing__hover_enabled=&#8221;off&#8221; button_bg_color__hover_enabled=&#8221;off&#8221; button_one_bg_color__hover_enabled=&#8221;off&#8221; button_two_bg_color__hover_enabled=&#8221;off&#8221;][\/et_pb_contact_field][et_pb_contact_field field_id=&#8221;Nachname&#8221; field_title=&#8221;Surname&#8221; _builder_version=&#8221;4.27.4&#8243; _module_preset=&#8221;default&#8221; global_colors_info=&#8221;{}&#8221;][\/et_pb_contact_field][et_pb_contact_field field_id=&#8221;Telefonnummer&#8221; field_title=&#8221;Telephone number&#8221; _builder_version=&#8221;4.27.4&#8243; _module_preset=&#8221;default&#8221; global_colors_info=&#8221;{}&#8221;][\/et_pb_contact_field][et_pb_contact_field field_id=&#8221;Email&#8221; field_title=&#8221;E-mail address&#8221; field_type=&#8221;email&#8221; _builder_version=&#8221;4.27.4&#8243; global_colors_info=&#8221;{}&#8221; button_text_size__hover_enabled=&#8221;off&#8221; button_one_text_size__hover_enabled=&#8221;off&#8221; button_two_text_size__hover_enabled=&#8221;off&#8221; button_text_color__hover_enabled=&#8221;off&#8221; button_one_text_color__hover_enabled=&#8221;off&#8221; button_two_text_color__hover_enabled=&#8221;off&#8221; button_border_width__hover_enabled=&#8221;off&#8221; button_one_border_width__hover_enabled=&#8221;off&#8221; button_two_border_width__hover_enabled=&#8221;off&#8221; button_border_color__hover_enabled=&#8221;off&#8221; button_one_border_color__hover_enabled=&#8221;off&#8221; button_two_border_color__hover_enabled=&#8221;off&#8221; button_border_radius__hover_enabled=&#8221;off&#8221; button_one_border_radius__hover_enabled=&#8221;off&#8221; button_two_border_radius__hover_enabled=&#8221;off&#8221; button_letter_spacing__hover_enabled=&#8221;off&#8221; button_one_letter_spacing__hover_enabled=&#8221;off&#8221; button_two_letter_spacing__hover_enabled=&#8221;off&#8221; button_bg_color__hover_enabled=&#8221;off&#8221; button_one_bg_color__hover_enabled=&#8221;off&#8221; button_two_bg_color__hover_enabled=&#8221;off&#8221; field_title__hover_enabled=&#8221;off|desktop&#8221;][\/et_pb_contact_field][et_pb_contact_field field_id=&#8221;Message&#8221; field_title=&#8221;Message&#8221; field_type=&#8221;text&#8221; fullwidth_field=&#8221;on&#8221; _builder_version=&#8221;4.27.4&#8243; global_colors_info=&#8221;{}&#8221; button_text_size__hover_enabled=&#8221;off&#8221; button_one_text_size__hover_enabled=&#8221;off&#8221; button_two_text_size__hover_enabled=&#8221;off&#8221; button_text_color__hover_enabled=&#8221;off&#8221; button_one_text_color__hover_enabled=&#8221;off&#8221; button_two_text_color__hover_enabled=&#8221;off&#8221; button_border_width__hover_enabled=&#8221;off&#8221; button_one_border_width__hover_enabled=&#8221;off&#8221; button_two_border_width__hover_enabled=&#8221;off&#8221; button_border_color__hover_enabled=&#8221;off&#8221; button_one_border_color__hover_enabled=&#8221;off&#8221; button_two_border_color__hover_enabled=&#8221;off&#8221; button_border_radius__hover_enabled=&#8221;off&#8221; button_one_border_radius__hover_enabled=&#8221;off&#8221; button_two_border_radius__hover_enabled=&#8221;off&#8221; button_letter_spacing__hover_enabled=&#8221;off&#8221; button_one_letter_spacing__hover_enabled=&#8221;off&#8221; button_two_letter_spacing__hover_enabled=&#8221;off&#8221; button_bg_color__hover_enabled=&#8221;off&#8221; button_one_bg_color__hover_enabled=&#8221;off&#8221; button_two_bg_color__hover_enabled=&#8221;off&#8221;][\/et_pb_contact_field][et_pb_contact_field field_id=&#8221;Datenschutz&#8221; field_title=&#8221; &#8221; field_type=&#8221;checkbox&#8221; checkbox_options=&#8221;%91{%22value%22:%22By submitting, you accept our privacy policy.  %22,%22checked%22:0,%22dragID%22:-1,%22link_url%22:%22https:%92\/%92\/digitaleentwicklung.de%92\/datenschutz%92\/%22}%93&#8243; fullwidth_field=&#8221;on&#8221; _builder_version=&#8221;4.27.4&#8243; _module_preset=&#8221;default&#8221; use_required_asterisk=&#8221;off&#8221; global_colors_info=&#8221;{}&#8221;][\/et_pb_contact_field][\/et_pb_contact_form][\/et_pb_column][et_pb_column type=&#8221;1_2&#8243; _builder_version=&#8221;4.23.1&#8243; _module_preset=&#8221;default&#8221; background_enable_color=&#8221;off&#8221; custom_padding=&#8221;20px|20px|20px|20px|true|true&#8221; border_radii=&#8221;on|5px|5px|5px|5px&#8221; global_colors_info=&#8221;{}&#8221;][et_pb_text _builder_version=&#8221;4.23.1&#8243; _module_preset=&#8221;default&#8221; text_text_color=&#8221;#FFFFFF&#8221; header_3_text_color=&#8221;#FFFFFF&#8221; header_4_text_color=&#8221;#FFFFFF&#8221; global_colors_info=&#8221;{}&#8221;]<\/p>\n<h3>Other contact options<\/h3>\n<p>If you prefer, we can also be contacted by phone, e-mail or post. Or you can simply drop by and we can discuss everything in person.   <\/p>\n<p>[\/et_pb_text][et_pb_blurb title=&#8221;+49 7363 9604-30&#8243; url=&#8221;tel:+497363960430&#8243; use_icon=&#8221;on&#8221; font_icon=&#8221;&#xe090;||divi||400&#8243; icon_placement=&#8221;left&#8221; _builder_version=&#8221;4.23.1&#8243; _module_preset=&#8221;default&#8221; header_text_color=&#8221;#FFFFFF&#8221; link_option_url=&#8221;tel:+497363960430&#8243; global_colors_info=&#8221;{}&#8221;][\/et_pb_blurb][et_pb_blurb title=&#8221;info@digitaleentwicklung.de&#8221; url=&#8221;mailto:info@digitaleentwicklung.de&#8221; use_icon=&#8221;on&#8221; font_icon=&#8221;&#xf1d8;||fa||900&#8243; icon_placement=&#8221;left&#8221; _builder_version=&#8221;4.23.1&#8243; _module_preset=&#8221;default&#8221; header_text_color=&#8221;#FFFFFF&#8221; link_option_url=&#8221;mailto:info@digitaleentwicklung.de&#8221; global_colors_info=&#8221;{}&#8221;][\/et_pb_blurb][et_pb_blurb title=&#8221;Come by&#8221; use_icon=&#8221;on&#8221; font_icon=&#8221;&#xe081;||divi||400&#8243; icon_placement=&#8221;left&#8221; _builder_version=&#8221;4.23.1&#8243; _module_preset=&#8221;default&#8221; header_text_color=&#8221;#FFFFFF&#8221; body_text_color=&#8221;#FFFFFF&#8221; global_colors_info=&#8221;{}&#8221;]<\/p>\n<p>Our headquarters directly on the A7<\/p>\n<p>In der Waage 9<br \/>73463 Westhausen, Germany<\/p>\n<p>[\/et_pb_blurb][\/et_pb_column][\/et_pb_row][\/et_pb_section]<\/p>\n","protected":false},"excerpt":{"rendered":"<p><div class=\"et_pb_module dsm_dual_heading dsm_dual_heading_0  et_pb_text_align_center et_pb_bg_layout_light\">\n\t\t\t\t\n\t\t\t\t\n\t\t\t\t\n\t\t\t\t\n\t\t\t\t\n\t\t\t\t\n\t\t\t\t<div class=\"et_pb_module_inner\">\n\t\t\t\t\t<h1 class=\"dsm-dual-heading-main et_pb_module_header\"><span class=\"dsm-dual-heading-before\">We connect<\/span><span class=\"dsm-dual-heading-middle\">Strategy<\/span><span class=\"dsm-dual-heading-after\">and infrastructure<\/span><\/h1>\n\t\t\t\t<\/div>\n\t\t\t<\/div><div class=\"et_pb_module ba_logo_carousel ba_logo_carousel_0\">\n\t\t\t\t\n\t\t\t\t\n\t\t\t\t\n\t\t\t\t\n\t\t\t\t\n\t\t\t\t\n\t\t\t\t<div class=\"et_pb_module_inner\">\n\t\t\t\t\t<div class = \"dtq-carousel dtq-logo-carousel dtq-carousel-frontend zoom_in\" data-settings=\"{&quot;responsive&quot;:[{&quot;breakpoint&quot;:980,&quot;settings&quot;:{&quot;slidesToShow&quot;:0}},{&quot;breakpoint&quot;:767,&quot;settings&quot;:{&quot;slidesToShow&quot;:0}}],&quot;cssEase&quot;:&quot;ease-in-out&quot;,&quot;swipe&quot;:true,&quot;variableWidth&quot;:false,&quot;dots&quot;:false,&quot;arrows&quot;:true,&quot;infinite&quot;:true,&quot;autoplay&quot;:true,&quot;autoplaySpeed&quot;:2000,&quot;speed&quot;:700,&quot;slidesToShow&quot;:0,&quot;slidesToScroll&quot;:1,&quot;centerPadding&quot;:&quot;70px&quot;,&quot;centerMode&quot;:false,&quot;vertical&quot;:false,&quot;prevArrow&quot;:&quot;&lt;button type=\\&quot;button\\&quot; data-icon=\\&quot;4\\&quot; class=\\&quot;slick-arrow slick-prev\\&quot;&gt;Prev&lt;\\\/button&gt;&quot;,&quot;nextArrow&quot;:&quot;&lt;button type=\\&quot;button\\&quot; data-icon=\\&quot;5\\&quot; class=\\&quot;slick-arrow slick-next\\&quot;&gt;Prev&lt;\\\/button&gt;&quot;}\" >\n                \n            <\/div>\n\t\t\t\t<\/div>\n\t\t\t<\/div><\/p>\n","protected":false},"author":2,"featured_media":0,"parent":0,"menu_order":0,"comment_status":"closed","ping_status":"closed","template":"","meta":{"_et_pb_use_builder":"on","_et_pb_old_content":"","_et_gb_content_width":"","footnotes":""},"dipi_cpt_category":[],"class_list":["post-19592","page","type-page","status-publish","hentry"],"yoast_head":"<!-- This site is optimized with the Yoast SEO plugin v27.4 - https:\/\/yoast.com\/product\/yoast-seo-wordpress\/ -->\n<title>Home | Center for Digital Development GmbH<\/title>\n<meta name=\"description\" content=\"We support municipalities and companies with strategy, planning and implementation into the digital future. Learn more now!\" \/>\n<meta name=\"robots\" content=\"index, follow, max-snippet:-1, max-image-preview:large, max-video-preview:-1\" \/>\n<link rel=\"canonical\" href=\"https:\/\/digitaleentwicklung.de\/en\/\" \/>\n<meta property=\"og:locale\" content=\"en_US\" \/>\n<meta property=\"og:type\" content=\"article\" \/>\n<meta property=\"og:title\" content=\"Home | Center for Digital Development GmbH\" \/>\n<meta property=\"og:description\" content=\"We support municipalities and companies with strategy, planning and implementation into the digital future. Learn more now!\" \/>\n<meta property=\"og:url\" content=\"https:\/\/digitaleentwicklung.de\/en\/\" \/>\n<meta property=\"og:site_name\" content=\"digitaleentwicklung.de\" \/>\n<meta property=\"article:publisher\" content=\"https:\/\/www.facebook.com\/digitaleentwicklung\/\" \/>\n<meta property=\"article:modified_time\" content=\"2025-10-17T11:24:39+00:00\" \/>\n<meta name=\"twitter:card\" content=\"summary_large_image\" \/>\n<meta name=\"twitter:label1\" content=\"Est. reading time\" \/>\n\t<meta name=\"twitter:data1\" content=\"16 minutes\" \/>\n<script type=\"application\/ld+json\" class=\"yoast-schema-graph\">{\"@context\":\"https:\\\/\\\/schema.org\",\"@graph\":[{\"@type\":\"WebPage\",\"@id\":\"https:\\\/\\\/digitaleentwicklung.de\\\/en\\\/\",\"url\":\"https:\\\/\\\/digitaleentwicklung.de\\\/en\\\/\",\"name\":\"Home | Center for Digital Development GmbH\",\"isPartOf\":{\"@id\":\"https:\\\/\\\/digitaleentwicklung.de\\\/en\\\/#website\"},\"datePublished\":\"2021-07-14T08:51:41+00:00\",\"dateModified\":\"2025-10-17T11:24:39+00:00\",\"description\":\"We support municipalities and companies with strategy, planning and implementation into the digital future. Learn more now!\",\"breadcrumb\":{\"@id\":\"https:\\\/\\\/digitaleentwicklung.de\\\/en\\\/#breadcrumb\"},\"inLanguage\":\"en-US\",\"potentialAction\":[{\"@type\":\"ReadAction\",\"target\":[\"https:\\\/\\\/digitaleentwicklung.de\\\/en\\\/\"]}]},{\"@type\":\"BreadcrumbList\",\"@id\":\"https:\\\/\\\/digitaleentwicklung.de\\\/en\\\/#breadcrumb\",\"itemListElement\":[{\"@type\":\"ListItem\",\"position\":1,\"name\":\"Startseite\",\"item\":\"https:\\\/\\\/digitaleentwicklung.de\\\/en\\\/start\\\/\"},{\"@type\":\"ListItem\",\"position\":2,\"name\":\"Start\"}]},{\"@type\":\"WebSite\",\"@id\":\"https:\\\/\\\/digitaleentwicklung.de\\\/en\\\/#website\",\"url\":\"https:\\\/\\\/digitaleentwicklung.de\\\/en\\\/\",\"name\":\"ZDE - Zentrum f\u00fcr Digitale Entwicklung\",\"description\":\"ZDE - Zentrum f\u00fcr Digitale Entwicklung\",\"potentialAction\":[{\"@type\":\"SearchAction\",\"target\":{\"@type\":\"EntryPoint\",\"urlTemplate\":\"https:\\\/\\\/digitaleentwicklung.de\\\/en\\\/?s={search_term_string}\"},\"query-input\":{\"@type\":\"PropertyValueSpecification\",\"valueRequired\":true,\"valueName\":\"search_term_string\"}}],\"inLanguage\":\"en-US\"}]}<\/script>\n<!-- \/ Yoast SEO plugin. -->","yoast_head_json":{"title":"Home | Center for Digital Development GmbH","description":"We support municipalities and companies with strategy, planning and implementation into the digital future. Learn more now!","robots":{"index":"index","follow":"follow","max-snippet":"max-snippet:-1","max-image-preview":"max-image-preview:large","max-video-preview":"max-video-preview:-1"},"canonical":"https:\/\/digitaleentwicklung.de\/en\/","og_locale":"en_US","og_type":"article","og_title":"Home | Center for Digital Development GmbH","og_description":"We support municipalities and companies with strategy, planning and implementation into the digital future. Learn more now!","og_url":"https:\/\/digitaleentwicklung.de\/en\/","og_site_name":"digitaleentwicklung.de","article_publisher":"https:\/\/www.facebook.com\/digitaleentwicklung\/","article_modified_time":"2025-10-17T11:24:39+00:00","twitter_card":"summary_large_image","twitter_misc":{"Est. reading time":"16 minutes"},"schema":{"@context":"https:\/\/schema.org","@graph":[{"@type":"WebPage","@id":"https:\/\/digitaleentwicklung.de\/en\/","url":"https:\/\/digitaleentwicklung.de\/en\/","name":"Home | Center for Digital Development GmbH","isPartOf":{"@id":"https:\/\/digitaleentwicklung.de\/en\/#website"},"datePublished":"2021-07-14T08:51:41+00:00","dateModified":"2025-10-17T11:24:39+00:00","description":"We support municipalities and companies with strategy, planning and implementation into the digital future. Learn more now!","breadcrumb":{"@id":"https:\/\/digitaleentwicklung.de\/en\/#breadcrumb"},"inLanguage":"en-US","potentialAction":[{"@type":"ReadAction","target":["https:\/\/digitaleentwicklung.de\/en\/"]}]},{"@type":"BreadcrumbList","@id":"https:\/\/digitaleentwicklung.de\/en\/#breadcrumb","itemListElement":[{"@type":"ListItem","position":1,"name":"Startseite","item":"https:\/\/digitaleentwicklung.de\/en\/start\/"},{"@type":"ListItem","position":2,"name":"Start"}]},{"@type":"WebSite","@id":"https:\/\/digitaleentwicklung.de\/en\/#website","url":"https:\/\/digitaleentwicklung.de\/en\/","name":"ZDE - Zentrum f\u00fcr Digitale Entwicklung","description":"ZDE - Zentrum f\u00fcr Digitale Entwicklung","potentialAction":[{"@type":"SearchAction","target":{"@type":"EntryPoint","urlTemplate":"https:\/\/digitaleentwicklung.de\/en\/?s={search_term_string}"},"query-input":{"@type":"PropertyValueSpecification","valueRequired":true,"valueName":"search_term_string"}}],"inLanguage":"en-US"}]}},"_links":{"self":[{"href":"https:\/\/digitaleentwicklung.de\/en\/wp-json\/wp\/v2\/pages\/19592","targetHints":{"allow":["GET"]}}],"collection":[{"href":"https:\/\/digitaleentwicklung.de\/en\/wp-json\/wp\/v2\/pages"}],"about":[{"href":"https:\/\/digitaleentwicklung.de\/en\/wp-json\/wp\/v2\/types\/page"}],"author":[{"embeddable":true,"href":"https:\/\/digitaleentwicklung.de\/en\/wp-json\/wp\/v2\/users\/2"}],"replies":[{"embeddable":true,"href":"https:\/\/digitaleentwicklung.de\/en\/wp-json\/wp\/v2\/comments?post=19592"}],"version-history":[{"count":10,"href":"https:\/\/digitaleentwicklung.de\/en\/wp-json\/wp\/v2\/pages\/19592\/revisions"}],"predecessor-version":[{"id":22215,"href":"https:\/\/digitaleentwicklung.de\/en\/wp-json\/wp\/v2\/pages\/19592\/revisions\/22215"}],"wp:attachment":[{"href":"https:\/\/digitaleentwicklung.de\/en\/wp-json\/wp\/v2\/media?parent=19592"}],"wp:term":[{"taxonomy":"dipi_cpt_category","embeddable":true,"href":"https:\/\/digitaleentwicklung.de\/en\/wp-json\/wp\/v2\/dipi_cpt_category?post=19592"}],"curies":[{"name":"wp","href":"https:\/\/api.w.org\/{rel}","templated":true}]}}